{"id":1985,"date":"2021-08-31T22:11:24","date_gmt":"2021-08-31T22:11:24","guid":{"rendered":"https:\/\/www.facesulavirtual.org\/pcc\/?page_id=1985"},"modified":"2021-09-20T00:11:28","modified_gmt":"2021-09-20T00:11:28","slug":"vive-el-campus","status":"publish","type":"page","link":"https:\/\/www.facesulavirtual.org\/pcc\/vive-el-campus\/","title":{"rendered":"Vive el Campus"},"content":{"rendered":"<p>[et_pb_section fb_built=\u00bb1&#8243; next_background_color=\u00bb#ffffff\u00bb _builder_version=\u00bb4.9.0&#8243; _module_preset=\u00bbdefault\u00bb background_image=\u00bbhttps:\/\/www.facesulavirtual.org\/pcc\/wp-content\/uploads\/2021\/08\/Vive_Campus_2.png\u00bb custom_margin=\u00bb||-5px|||\u00bb custom_padding=\u00bb1px||1px||true|\u00bb bottom_divider_style=\u00bbwaves2&#8243; bottom_divider_height=\u00bb30px\u00bb][et_pb_row _builder_version=\u00bb4.9.0&#8243; _module_preset=\u00bbdefault\u00bb custom_padding=\u00bb63px||13px|||\u00bb][et_pb_column type=\u00bb4_4&#8243; _builder_version=\u00bb4.9.0&#8243; _module_preset=\u00bbdefault\u00bb][et_pb_text _builder_version=\u00bb4.9.0&#8243; _module_preset=\u00bbdefault\u00bb text_font=\u00bb|700|||||||\u00bb text_text_color=\u00bb#FFFFFF\u00bb text_font_size=\u00bb50px\u00bb text_line_height=\u00bb1.8em\u00bb text_orientation=\u00bbcenter\u00bb custom_margin=\u00bb15px|||||\u00bb custom_padding=\u00bb||20px|||\u00bb text_font_size_tablet=\u00bb\u00bb text_font_size_phone=\u00bb40px\u00bb text_font_size_last_edited=\u00bbon|desktop\u00bb text_text_shadow_style=\u00bbpreset1&#8243;]<\/p>\n<p>Vive el Campus<\/p>\n<p>[\/et_pb_text][\/et_pb_column][\/et_pb_row][\/et_pb_section][et_pb_section fb_built=\u00bb1&#8243; _builder_version=\u00bb4.9.0&#8243; _module_preset=\u00bbdefault\u00bb custom_padding=\u00bb|34px|121px|20px||\u00bb hover_enabled=\u00bb0&#8243; bottom_divider_style=\u00bbwave2&#8243; sticky_enabled=\u00bb0&#8243; next_background_color=\u00bb#D6D6D6&#8243;][et_pb_row _builder_version=\u00bb4.9.0&#8243; _module_preset=\u00bbdefault\u00bb][et_pb_column type=\u00bb4_4&#8243; _builder_version=\u00bb4.9.0&#8243; _module_preset=\u00bbdefault\u00bb][et_pb_text _builder_version=\u00bb4.9.0&#8243; _module_preset=\u00bbdefault\u00bb text_font=\u00bb|700|||||||\u00bb text_text_color=\u00bb#9a2323&#8243; text_font_size=\u00bb30px\u00bb text_line_height=\u00bb2em\u00bb header_text_color=\u00bbrgba(79,79,79,0.81)\u00bb header_font_size=\u00bb50px\u00bb header_line_height=\u00bb1.5em\u00bb header_2_text_color=\u00bbrgba(79,79,79,0.81)\u00bb header_2_line_height=\u00bb1.5em\u00bb text_orientation=\u00bbcenter\u00bb custom_margin=\u00bb-63px||-30px||false|false\u00bb custom_padding=\u00bb36px||25px||false|false\u00bb hover_enabled=\u00bb0&#8243; text_font_size_tablet=\u00bb\u00bb text_font_size_phone=\u00bb35px\u00bb text_font_size_last_edited=\u00bbon|phone\u00bb sticky_enabled=\u00bb0&#8243;]<\/p>\n<p>Participaciones de nuestros estudiantes en el 5to Encuentro de Pensamiento Contable en la Universidad de Manizales\u00a0<\/p>\n<p>[\/et_pb_text][\/et_pb_column][\/et_pb_row][et_pb_row column_structure=\u00bb1_3,1_3,1_3&#8243; _builder_version=\u00bb4.9.0&#8243; _module_preset=\u00bbdefault\u00bb custom_padding=\u00bb||11px|||\u00bb][et_pb_column type=\u00bb1_3&#8243; _builder_version=\u00bb4.9.0&#8243; _module_preset=\u00bbdefault\u00bb][et_pb_video src=\u00bbhttps:\/\/www.youtube.com\/watch?v=5jvH4EkPRPU&#038;list=PLnhxsrgzTvuvga8L3Hq9yqmAKFJkRORtn\u00bb _builder_version=\u00bb4.9.0&#8243; _module_preset=\u00bbdefault\u00bb hover_enabled=\u00bb0&#8243; border_radii=\u00bboff|12px||12px|\u00bb sticky_enabled=\u00bb0&#8243;][\/et_pb_video][et_pb_text _builder_version=\u00bb4.9.0&#8243; _module_preset=\u00bbdefault\u00bb text_font=\u00bb|700|||||||\u00bb text_text_color=\u00bb#5A0C1C\u00bb text_font_size=\u00bb16px\u00bb text_orientation=\u00bbcenter\u00bb hover_enabled=\u00bb0&#8243; sticky_enabled=\u00bb0&#8243;]<\/p>\n<p>Adriana Santiago<\/p>\n<p>[\/et_pb_text][\/et_pb_column][et_pb_column type=\u00bb1_3&#8243; _builder_version=\u00bb4.9.0&#8243; _module_preset=\u00bbdefault\u00bb][et_pb_video src=\u00bbhttps:\/\/www.youtube.com\/watch?v=gCvdoeWg4sw&#038;list=PLnhxsrgzTvuvga8L3Hq9yqmAKFJkRORtn&#038;index=11&#8243; _builder_version=\u00bb4.9.0&#8243; _module_preset=\u00bbdefault\u00bb hover_enabled=\u00bb0&#8243; border_radii=\u00bboff|12px||12px|\u00bb sticky_enabled=\u00bb0&#8243;][\/et_pb_video][et_pb_text _builder_version=\u00bb4.9.0&#8243; _module_preset=\u00bbdefault\u00bb text_font=\u00bb|700|||||||\u00bb text_text_color=\u00bb#5A0C1C\u00bb text_font_size=\u00bb16px\u00bb text_orientation=\u00bbcenter\u00bb hover_enabled=\u00bb0&#8243; sticky_enabled=\u00bb0&#8243;]<\/p>\n<p>Sa\u00fal Galindo<\/p>\n<p>[\/et_pb_text][\/et_pb_column][et_pb_column type=\u00bb1_3&#8243; _builder_version=\u00bb4.9.0&#8243; _module_preset=\u00bbdefault\u00bb][et_pb_video src=\u00bbhttps:\/\/www.youtube.com\/watch?v=FKkF-3Dx-Kc&#038;list=PLnhxsrgzTvuvga8L3Hq9yqmAKFJkRORtn&#038;index=11&#8243; _builder_version=\u00bb4.9.0&#8243; _module_preset=\u00bbdefault\u00bb hover_enabled=\u00bb0&#8243; border_radii=\u00bboff|12px||12px|\u00bb sticky_enabled=\u00bb0&#8243;][\/et_pb_video][et_pb_text _builder_version=\u00bb4.9.0&#8243; _module_preset=\u00bbdefault\u00bb text_font=\u00bb|700|||||||\u00bb text_text_color=\u00bb#5A0C1C\u00bb text_font_size=\u00bb16px\u00bb text_orientation=\u00bbcenter\u00bb hover_enabled=\u00bb0&#8243; sticky_enabled=\u00bb0&#8243;]<\/p>\n<p>Suail Rodr\u00edguez<\/p>\n<p>[\/et_pb_text][\/et_pb_column][\/et_pb_row][\/et_pb_section][et_pb_section fb_built=\u00bb1&#8243; _builder_version=\u00bb4.9.0&#8243; _module_preset=\u00bbdefault\u00bb custom_padding=\u00bb22px|34px||20px||\u00bb hover_enabled=\u00bb0&#8243; sticky_enabled=\u00bb0&#8243; background_color=\u00bb#D6D6D6&#8243;][et_pb_row _builder_version=\u00bb4.9.0&#8243; _module_preset=\u00bbdefault\u00bb][et_pb_column type=\u00bb4_4&#8243; _builder_version=\u00bb4.9.0&#8243; _module_preset=\u00bbdefault\u00bb][et_pb_text _builder_version=\u00bb4.9.0&#8243; _module_preset=\u00bbdefault\u00bb text_font=\u00bb|700|||||||\u00bb text_text_color=\u00bb#9a2323&#8243; text_font_size=\u00bb40px\u00bb text_line_height=\u00bb2em\u00bb header_text_color=\u00bbrgba(79,79,79,0.81)\u00bb header_font_size=\u00bb50px\u00bb header_line_height=\u00bb1.5em\u00bb header_2_text_color=\u00bbrgba(79,79,79,0.81)\u00bb header_2_line_height=\u00bb1.5em\u00bb text_orientation=\u00bbcenter\u00bb custom_margin=\u00bb-63px||-30px||false|false\u00bb custom_padding=\u00bb0px||3px||false|false\u00bb text_font_size_tablet=\u00bb\u00bb text_font_size_phone=\u00bb35px\u00bb text_font_size_last_edited=\u00bbon|phone\u00bb]<\/p>\n<p>Coral de FACES<\/p>\n<p>[\/et_pb_text][\/et_pb_column][\/et_pb_row][et_pb_row column_structure=\u00bb1_3,1_3,1_3&#8243; _builder_version=\u00bb4.9.0&#8243; _module_preset=\u00bbdefault\u00bb custom_padding=\u00bb4px||11px|||\u00bb][et_pb_column type=\u00bb1_3&#8243; _builder_version=\u00bb4.9.0&#8243; _module_preset=\u00bbdefault\u00bb][et_pb_video src=\u00bbhttps:\/\/youtu.be\/tnDoFYOo7Mw\u00bb _builder_version=\u00bb4.9.0&#8243; _module_preset=\u00bbdefault\u00bb border_radii=\u00bboff|12px||12px|\u00bb][\/et_pb_video][\/et_pb_column][et_pb_column type=\u00bb1_3&#8243; _builder_version=\u00bb4.9.0&#8243; _module_preset=\u00bbdefault\u00bb][et_pb_video src=\u00bbhttps:\/\/youtu.be\/1lu67Nz5De8&#8243; _builder_version=\u00bb4.9.0&#8243; _module_preset=\u00bbdefault\u00bb border_radii=\u00bboff|12px||12px|\u00bb][\/et_pb_video][\/et_pb_column][et_pb_column type=\u00bb1_3&#8243; _builder_version=\u00bb4.9.0&#8243; _module_preset=\u00bbdefault\u00bb][et_pb_video src=\u00bbhttps:\/\/youtu.be\/iftHHfUpL4Q\u00bb _builder_version=\u00bb4.9.0&#8243; _module_preset=\u00bbdefault\u00bb border_radii=\u00bboff|12px||12px|\u00bb][\/et_pb_video][\/et_pb_column][\/et_pb_row][et_pb_row column_structure=\u00bb1_2,1_2&#8243; _builder_version=\u00bb4.9.0&#8243; _module_preset=\u00bbdefault\u00bb][et_pb_column type=\u00bb1_2&#8243; _builder_version=\u00bb4.9.0&#8243; _module_preset=\u00bbdefault\u00bb][et_pb_video src=\u00bbhttps:\/\/youtu.be\/EoOLOroXNbA\u00bb _builder_version=\u00bb4.9.0&#8243; _module_preset=\u00bbdefault\u00bb border_radii=\u00bboff|12px||12px|\u00bb][\/et_pb_video][\/et_pb_column][et_pb_column type=\u00bb1_2&#8243; _builder_version=\u00bb4.9.0&#8243; _module_preset=\u00bbdefault\u00bb][et_pb_video src=\u00bbhttps:\/\/youtu.be\/ZE9DWHEgG_Y\u00bb _builder_version=\u00bb4.9.0&#8243; _module_preset=\u00bbdefault\u00bb border_radii=\u00bboff|12px||12px|\u00bb][\/et_pb_video][\/et_pb_column][\/et_pb_row][\/et_pb_section]<\/p>\n","protected":false},"excerpt":{"rendered":"<p>Vive el CampusParticipaciones de nuestros estudiantes en el 5to Encuentro de Pensamiento Contable en la Universidad de Manizales\u00a0Adriana SantiagoSa\u00fal GalindoSuail Rodr\u00edguezCoral de FACES<\/p>\n","protected":false},"author":1,"featured_media":0,"parent":0,"menu_order":0,"comment_status":"closed","ping_status":"closed","template":"","meta":{"_et_pb_use_builder":"on","_et_pb_old_content":"[et_pb_section fb_built=\"1\" next_background_color=\"#ffffff\" _builder_version=\"4.9.0\" _module_preset=\"default\" background_image=\"http:\/\/www.facesulavirtual.org\/pcc\/wp-content\/uploads\/2021\/04\/PCC_3.jpg\" custom_margin=\"||-5px|||\" custom_padding=\"1px||1px||true|\" bottom_divider_style=\"waves2\" bottom_divider_height=\"30px\" hover_enabled=\"0\" title_text=\"PCC_3\" sticky_enabled=\"0\"][et_pb_row _builder_version=\"4.9.0\" _module_preset=\"default\" custom_padding=\"63px||90px|||\"][et_pb_column type=\"4_4\" _builder_version=\"4.9.0\" _module_preset=\"default\"][et_pb_text _builder_version=\"4.9.0\" _module_preset=\"default\" text_font=\"|700|||||||\" text_text_color=\"#FFFFFF\" text_font_size=\"50px\" text_line_height=\"1.8em\" text_orientation=\"center\" custom_margin=\"15px|||||\" custom_padding=\"||20px|||\" text_font_size_tablet=\"\" text_font_size_phone=\"40px\" text_font_size_last_edited=\"on|desktop\" text_text_shadow_style=\"preset1\"]\n\nPostgrado en Ciencias Contables\n\n[\/et_pb_text][\/et_pb_column][\/et_pb_row][\/et_pb_section][et_pb_section fb_built=\"1\" _builder_version=\"4.9.0\" _module_preset=\"default\" custom_padding=\"|34px||20px||\"][et_pb_row _builder_version=\"4.9.0\" _module_preset=\"default\"][et_pb_column type=\"4_4\" _builder_version=\"4.9.0\" _module_preset=\"default\"][et_pb_text _builder_version=\"4.9.0\" _module_preset=\"default\" text_font=\"|700|||||||\" text_text_color=\"#9a2323\" text_font_size=\"40px\" text_line_height=\"2em\" header_text_color=\"rgba(79,79,79,0.81)\" header_font_size=\"50px\" header_line_height=\"1.5em\" header_2_text_color=\"rgba(79,79,79,0.81)\" header_2_line_height=\"1.5em\" text_orientation=\"center\" custom_margin=\"-63px||-30px||false|false\" custom_padding=\"36px||25px||false|false\" text_font_size_tablet=\"\" text_font_size_phone=\"35px\" text_font_size_last_edited=\"on|phone\"]\n\nNuestra raz\u00f3n de ser\n\n[\/et_pb_text][\/et_pb_column][\/et_pb_row][et_pb_row column_structure=\"1_3,1_3,1_3\" _builder_version=\"4.9.0\" _module_preset=\"default\" background_color=\"#FFFFFF\" custom_margin=\"|-2px||120px|false|false\" custom_margin_tablet=\"\" custom_margin_phone=\"|||40px|false|false\" custom_margin_last_edited=\"on|phone\" custom_padding=\"|0px||0px|false|false\"][et_pb_column type=\"1_3\" _builder_version=\"4.9.0\" _module_preset=\"default\" background_color=\"#FFFFFF\" border_radii=\"off||15px||15px\"][et_pb_blurb title=\"Prop\u00f3sito\" use_icon=\"on\" _builder_version=\"4.9.0\" _module_preset=\"default\" header_level=\"h2\" header_font=\"|700|||||||\" header_text_color=\"#9a2323\" header_font_size=\"26px\" header_line_height=\"1.8em\" body_text_align=\"justify\" body_font_size=\"16px\" body_line_height=\"1.8em\" background_color=\"RGBA(0,0,0,0)\" custom_margin=\"|0px|||false|false\" custom_padding=\"15px|10px|15px|10px|true|true\" header_font_size_tablet=\"\" header_font_size_phone=\"20px\" header_font_size_last_edited=\"on|phone\" border_radii=\"off||||\" border_color_all=\"#242424\" box_shadow_style=\"preset6\"]\n<p style=\"text-align: justify;\">Consolidar un equipo de investigadores contables de la m\u00e1s alta calidad, que planteen a la sociedad nuevas perspectivas y conocimientos&nbsp; necesarios para el desarrollo del pa\u00eds a trav\u00e9s de equipos de investigadores inter-multidisciplinarios que bas\u00e1ndose en el pensamiento reflexivo, los valores y principios del hombre y la ciencia, formulen teor\u00edas, m\u00e9todos y tecnolog\u00edas&nbsp; que faciliten la comprensi\u00f3n, aplicaci\u00f3n y soluci\u00f3n a los&nbsp; problemas pertinentes a la Ciencia Contable&nbsp; que se reflejan en la&nbsp; sociedad.<\/p>\n[\/et_pb_blurb][\/et_pb_column][et_pb_column type=\"1_3\" _builder_version=\"4.9.0\" _module_preset=\"default\" background_color=\"#FFFFFF\" border_radii=\"off||15px||15px\"][et_pb_blurb title=\"Misi\u00f3n\" use_icon=\"on\" _builder_version=\"4.9.0\" _module_preset=\"default\" header_level=\"h2\" header_font=\"|700|||||||\" header_text_color=\"#9a2323\" header_font_size=\"26px\" header_line_height=\"1.8em\" body_text_align=\"justify\" body_font_size=\"16px\" body_line_height=\"1.8em\" background_color=\"RGBA(0,0,0,0)\" min_height=\"508px\" custom_padding=\"15px|10px|15px|10px|true|true\" header_font_size_tablet=\"\" header_font_size_phone=\"20px\" header_font_size_last_edited=\"on|phone\" border_radii=\"off||||\" border_color_all=\"#242424\" box_shadow_style=\"preset6\"]\n\nFomentar en profesionales de diferentes \u00e1reas del conocimiento, la investigaci\u00f3n y pr\u00e1ctica profesional sobre la base de un acervo cient\u00edfico y el aprendizaje transdisciplinario que har\u00e1 sustentable a las Ciencias contables, con el uso de tecnolog\u00edas de informaci\u00f3n y comunicaci\u00f3n que elimine las limitaciones geogr\u00e1ficas.\n\n[\/et_pb_blurb][\/et_pb_column][et_pb_column type=\"1_3\" _builder_version=\"4.9.0\" _module_preset=\"default\" background_color=\"#FFFFFF\" border_radii=\"off||15px||15px\"][et_pb_blurb title=\"Visi\u00f3n\" use_icon=\"on\" _builder_version=\"4.9.0\" _module_preset=\"default\" header_level=\"h2\" header_font=\"|700|||||||\" header_text_color=\"#9a2323\" header_font_size=\"26px\" header_line_height=\"1.8em\" body_text_align=\"justify\" body_font_size=\"16px\" body_line_height=\"1.8em\" background_color=\"RGBA(0,0,0,0)\" min_height=\"508px\" custom_padding=\"15px|10px|15px|10px|true|true\" header_font_size_tablet=\"\" header_font_size_phone=\"20px\" header_font_size_last_edited=\"on|phone\" border_radii=\"off||||\" border_color_all=\"#242424\" box_shadow_style=\"preset6\"]\n\nContribuir en la consolidaci\u00f3n de profesionales e investigadores con valores arraigados en el compromiso del desarrollo de la ciencia y en la formaci\u00f3n de su propio futuro. El postgrado ser\u00e1 el centro de referencia nacional y latinoamericano en cuanto a investigaci\u00f3n del conocimiento contable y ser\u00e1 el l\u00edder que marcar\u00e1 el rumbo de la Ciencia Contable.\n\n[\/et_pb_blurb][\/et_pb_column][\/et_pb_row][\/et_pb_section][et_pb_section fb_built=\"1\" _builder_version=\"4.9.0\" _module_preset=\"default\" custom_padding=\"11px||33px|||\"][et_pb_row _builder_version=\"4.9.0\" _module_preset=\"default\" custom_margin=\"-23px|auto||auto||\" custom_padding=\"4px|||||\"][et_pb_column type=\"4_4\" _builder_version=\"4.9.0\" _module_preset=\"default\"][et_pb_text _builder_version=\"4.9.0\" _module_preset=\"default\" text_font=\"|700|||||||\" text_text_color=\"#9a2323\" text_font_size=\"40px\" text_line_height=\"2em\" header_text_color=\"rgba(79,79,79,0.81)\" header_font_size=\"50px\" header_line_height=\"1.5em\" header_2_text_color=\"rgba(79,79,79,0.81)\" header_2_line_height=\"1.5em\" text_orientation=\"center\" custom_margin=\"0px||-30px||false|false\" custom_padding=\"12px||25px||false|false\" text_font_size_tablet=\"\" text_font_size_phone=\"35px\" text_font_size_last_edited=\"on|phone\"]\n\nNuestros Objetivos\n\n[\/et_pb_text][\/et_pb_column][\/et_pb_row][\/et_pb_section][et_pb_section fb_built=\"1\" _builder_version=\"4.9.0\" _module_preset=\"default\" custom_margin=\"||18px|||\" custom_padding=\"0px||32px|||\"][et_pb_row column_structure=\"1_2,1_2\" make_equal=\"on\" _builder_version=\"4.9.0\" _module_preset=\"default\" custom_margin=\"-3px|auto|-13px|auto||\" custom_padding=\"1px||45px|||\"][et_pb_column type=\"1_2\" _builder_version=\"4.9.0\" _module_preset=\"default\"][et_pb_accordion open_toggle_text_color=\"#9a2323\" _builder_version=\"4.9.0\" _module_preset=\"default\" border_radii=\"off||15px||15px\" box_shadow_style=\"preset6\" box_shadow_color=\"#242424\"][et_pb_accordion_item title=\"Objetivo General\" open=\"on\" open_toggle_text_color=\"#9a2323\" _builder_version=\"4.9.0\" _module_preset=\"default\" body_font_size=\"16px\" body_line_height=\"1.8em\" box_shadow_style=\"preset6\" toggle_text_color=\"#9a2323\" toggle_font=\"|700|||||||\" toggle_font_size=\"25px\" toggle_line_height=\"0.7em\" closed_toggle_font_size=\"20px\" toggle_font_size_tablet=\"\" toggle_font_size_phone=\"20px\" toggle_font_size_last_edited=\"on|phone\"]\n<p style=\"text-align: justify;\"><span>Promover la investigaci\u00f3n contable para dar respuesta a la demanda de la sociedad en las soluciones de los problemas que le compete a las ciencias contables y as\u00ed mantener un desarrollo sostenible del conocimiento en el tiempo<\/span><\/p>\n\n<h2><\/h2>\n[\/et_pb_accordion_item][et_pb_accordion_item title=\"Objetivos Espec\u00edficos\" open_toggle_text_color=\"#9a2323\" closed_toggle_text_color=\"#9a2323\" _builder_version=\"4.9.0\" _module_preset=\"default\" body_font_size=\"16px\" body_line_height=\"1.8em\" box_shadow_style=\"preset6\" toggle_font=\"|700|||||||\" toggle_font_size=\"25px\" toggle_line_height=\"1em\" closed_toggle_font_size_tablet=\"\" closed_toggle_font_size_phone=\"20px\" closed_toggle_font_size_last_edited=\"on|phone\" open=\"off\"]\n<ul>\n \t<li style=\"text-align: justify;\">Organizar los conocimientos en el \u00e1rea de la contabilidad y su vinculaci\u00f3n con ciencias afines.<\/li>\n \t<li style=\"text-align: justify;\">Proporcionar herramientas \u00fatiles de investigaci\u00f3n a los profesionales para desempe\u00f1arse con \u00e9xito en el campo laboral.<\/li>\n \t<li style=\"text-align: justify;\">Fomentar las investigaciones en el \u00e1rea de la contabilidad para lograr su afianzamiento y desarrollo como ciencia.<\/li>\n \t<li style=\"text-align: justify;\">Formar docentes e investigadores en el \u00e1rea de la contabilidad, que contribuyan al realce de la universidad.<\/li>\n \t<li style=\"text-align: justify;\">Incentivar la investigaci\u00f3n generadora de conocimientos.<\/li>\n<\/ul>\n[\/et_pb_accordion_item][\/et_pb_accordion][\/et_pb_column][et_pb_column type=\"1_2\" _builder_version=\"4.9.0\" _module_preset=\"default\" custom_css_main_element=\"margin:auto;\"][et_pb_image src=\"https:\/\/www.facesulavirtual.org\/pccw\/wp-content\/uploads\/2021\/03\/PPC_Objetivos.jpg\" title_text=\"PPC_Objetivos\" _builder_version=\"4.9.0\" _module_preset=\"default\" border_radii=\"off||15px||15px\"][\/et_pb_image][\/et_pb_column][\/et_pb_row][\/et_pb_section]","_et_gb_content_width":"","footnotes":""},"class_list":["post-1985","page","type-page","status-publish","hentry"],"_links":{"self":[{"href":"https:\/\/www.facesulavirtual.org\/pcc\/wp-json\/wp\/v2\/pages\/1985","targetHints":{"allow":["GET"]}}],"collection":[{"href":"https:\/\/www.facesulavirtual.org\/pcc\/wp-json\/wp\/v2\/pages"}],"about":[{"href":"https:\/\/www.facesulavirtual.org\/pcc\/wp-json\/wp\/v2\/types\/page"}],"author":[{"embeddable":true,"href":"https:\/\/www.facesulavirtual.org\/pcc\/wp-json\/wp\/v2\/users\/1"}],"replies":[{"embeddable":true,"href":"https:\/\/www.facesulavirtual.org\/pcc\/wp-json\/wp\/v2\/comments?post=1985"}],"version-history":[{"count":9,"href":"https:\/\/www.facesulavirtual.org\/pcc\/wp-json\/wp\/v2\/pages\/1985\/revisions"}],"predecessor-version":[{"id":2049,"href":"https:\/\/www.facesulavirtual.org\/pcc\/wp-json\/wp\/v2\/pages\/1985\/revisions\/2049"}],"wp:attachment":[{"href":"https:\/\/www.facesulavirtual.org\/pcc\/wp-json\/wp\/v2\/media?parent=1985"}],"curies":[{"name":"wp","href":"https:\/\/api.w.org\/{rel}","templated":true}]}}