{"id":18,"date":"2021-03-12T16:32:37","date_gmt":"2021-03-12T16:32:37","guid":{"rendered":"https:\/\/www.facesulavirtual.org\/pccw\/?page_id=18"},"modified":"2021-09-14T02:33:45","modified_gmt":"2021-09-14T02:33:45","slug":"pcc","status":"publish","type":"page","link":"https:\/\/www.facesulavirtual.org\/pcc\/pcc\/","title":{"rendered":"PCC"},"content":{"rendered":"<p>[et_pb_section fb_built=\u00bb1&#8243; next_background_color=\u00bb#ffffff\u00bb _builder_version=\u00bb4.9.0&#8243; _module_preset=\u00bbdefault\u00bb background_image=\u00bbhttps:\/\/www.facesulavirtual.org\/pcc\/wp-content\/uploads\/2021\/04\/PCC_3.jpg\u00bb custom_margin=\u00bb||-5px|||\u00bb custom_padding=\u00bb1px||1px||true|\u00bb bottom_divider_style=\u00bbwaves2&#8243; bottom_divider_height=\u00bb30px\u00bb][et_pb_row _builder_version=\u00bb4.9.0&#8243; _module_preset=\u00bbdefault\u00bb custom_padding=\u00bb63px||16px|||\u00bb][et_pb_column type=\u00bb4_4&#8243; _builder_version=\u00bb4.9.0&#8243; _module_preset=\u00bbdefault\u00bb][et_pb_text _builder_version=\u00bb4.9.0&#8243; _module_preset=\u00bbdefault\u00bb text_font=\u00bb|700|||||||\u00bb text_text_color=\u00bb#FFFFFF\u00bb text_font_size=\u00bb50px\u00bb text_line_height=\u00bb1.8em\u00bb text_orientation=\u00bbcenter\u00bb custom_margin=\u00bb-13px||29px|||\u00bb custom_padding=\u00bb0px||21px|||\u00bb text_font_size_tablet=\u00bb\u00bb text_font_size_phone=\u00bb40px\u00bb text_font_size_last_edited=\u00bbon|desktop\u00bb text_text_shadow_style=\u00bbpreset1&#8243;]<\/p>\n<p>Postgrado en Ciencias Contables<\/p>\n<p>[\/et_pb_text][\/et_pb_column][\/et_pb_row][\/et_pb_section][et_pb_section fb_built=\u00bb1&#8243; _builder_version=\u00bb4.9.0&#8243; _module_preset=\u00bbdefault\u00bb custom_padding=\u00bb|34px||20px||\u00bb][et_pb_row _builder_version=\u00bb4.9.0&#8243; _module_preset=\u00bbdefault\u00bb][et_pb_column type=\u00bb4_4&#8243; _builder_version=\u00bb4.9.0&#8243; _module_preset=\u00bbdefault\u00bb][et_pb_text _builder_version=\u00bb4.9.0&#8243; _module_preset=\u00bbdefault\u00bb text_font=\u00bb|700|||||||\u00bb text_text_color=\u00bb#9a2323&#8243; text_font_size=\u00bb40px\u00bb text_line_height=\u00bb2em\u00bb header_text_color=\u00bbrgba(79,79,79,0.81)\u00bb header_font_size=\u00bb50px\u00bb header_line_height=\u00bb1.5em\u00bb header_2_text_color=\u00bbrgba(79,79,79,0.81)\u00bb header_2_line_height=\u00bb1.5em\u00bb text_orientation=\u00bbcenter\u00bb custom_margin=\u00bb-63px||-30px||false|false\u00bb custom_padding=\u00bb36px||25px||false|false\u00bb text_font_size_tablet=\u00bb\u00bb text_font_size_phone=\u00bb35px\u00bb text_font_size_last_edited=\u00bbon|phone\u00bb]<\/p>\n<p>Nuestra raz\u00f3n de ser<\/p>\n<p>[\/et_pb_text][\/et_pb_column][\/et_pb_row][et_pb_row column_structure=\u00bb1_3,1_3,1_3&#8243; _builder_version=\u00bb4.9.0&#8243; _module_preset=\u00bbdefault\u00bb background_color=\u00bb#FFFFFF\u00bb custom_margin=\u00bb|-2px||120px|false|false\u00bb custom_margin_tablet=\u00bb\u00bb custom_margin_phone=\u00bb|||40px|false|false\u00bb custom_margin_last_edited=\u00bbon|phone\u00bb custom_padding=\u00bb|0px||0px|false|false\u00bb][et_pb_column type=\u00bb1_3&#8243; _builder_version=\u00bb4.9.0&#8243; _module_preset=\u00bbdefault\u00bb background_color=\u00bb#FFFFFF\u00bb border_radii=\u00bboff||15px||15px\u00bb][et_pb_blurb title=\u00bbProp\u00f3sito\u00bb use_icon=\u00bbon\u00bb _builder_version=\u00bb4.9.0&#8243; _module_preset=\u00bbdefault\u00bb header_level=\u00bbh2&#8243; header_font=\u00bb|700|||||||\u00bb header_text_color=\u00bb#9a2323&#8243; header_font_size=\u00bb26px\u00bb header_line_height=\u00bb1.8em\u00bb body_text_align=\u00bbjustify\u00bb body_font_size=\u00bb16px\u00bb body_line_height=\u00bb1.8em\u00bb background_color=\u00bbRGBA(0,0,0,0)\u00bb custom_margin=\u00bb|0px|||false|false\u00bb custom_padding=\u00bb15px|10px|15px|10px|true|true\u00bb header_font_size_tablet=\u00bb\u00bb header_font_size_phone=\u00bb20px\u00bb header_font_size_last_edited=\u00bbon|phone\u00bb border_radii=\u00bboff||||\u00bb border_color_all=\u00bb#242424&#8243; box_shadow_style=\u00bbpreset6&#8243;]<\/p>\n<p style=\"text-align: justify;\">Consolidar un equipo de investigadores contables de la m\u00e1s alta calidad, que planteen a la sociedad nuevas perspectivas y conocimientos\u00a0 necesarios para el desarrollo del pa\u00eds a trav\u00e9s de equipos de investigadores inter-multidisciplinarios que bas\u00e1ndose en el pensamiento reflexivo, los valores y principios del hombre y la ciencia, formulen teor\u00edas, m\u00e9todos y tecnolog\u00edas\u00a0 que faciliten la comprensi\u00f3n, aplicaci\u00f3n y soluci\u00f3n a los\u00a0 problemas pertinentes a la Ciencia Contable\u00a0 que se reflejan en la\u00a0 sociedad.<\/p>\n<p>[\/et_pb_blurb][\/et_pb_column][et_pb_column type=\u00bb1_3&#8243; _builder_version=\u00bb4.9.0&#8243; _module_preset=\u00bbdefault\u00bb background_color=\u00bb#FFFFFF\u00bb border_radii=\u00bboff||15px||15px\u00bb][et_pb_blurb title=\u00bbMisi\u00f3n\u00bb use_icon=\u00bbon\u00bb _builder_version=\u00bb4.9.0&#8243; _module_preset=\u00bbdefault\u00bb header_level=\u00bbh2&#8243; header_font=\u00bb|700|||||||\u00bb header_text_color=\u00bb#9a2323&#8243; header_font_size=\u00bb26px\u00bb header_line_height=\u00bb1.8em\u00bb body_text_align=\u00bbjustify\u00bb body_font_size=\u00bb16px\u00bb body_line_height=\u00bb1.8em\u00bb background_color=\u00bbRGBA(0,0,0,0)\u00bb min_height=\u00bb508px\u00bb custom_padding=\u00bb15px|10px|15px|10px|true|true\u00bb header_font_size_tablet=\u00bb\u00bb header_font_size_phone=\u00bb20px\u00bb header_font_size_last_edited=\u00bbon|phone\u00bb border_radii=\u00bboff||||\u00bb border_color_all=\u00bb#242424&#8243; box_shadow_style=\u00bbpreset6&#8243;]<\/p>\n<p>Fomentar en profesionales de diferentes \u00e1reas del conocimiento, la investigaci\u00f3n y pr\u00e1ctica profesional sobre la base de un acervo cient\u00edfico y el aprendizaje transdisciplinario que har\u00e1 sustentable a las Ciencias contables, con el uso de tecnolog\u00edas de informaci\u00f3n y comunicaci\u00f3n que elimine las limitaciones geogr\u00e1ficas.<\/p>\n<p>[\/et_pb_blurb][\/et_pb_column][et_pb_column type=\u00bb1_3&#8243; _builder_version=\u00bb4.9.0&#8243; _module_preset=\u00bbdefault\u00bb background_color=\u00bb#FFFFFF\u00bb border_radii=\u00bboff||15px||15px\u00bb][et_pb_blurb title=\u00bbVisi\u00f3n\u00bb use_icon=\u00bbon\u00bb _builder_version=\u00bb4.9.0&#8243; _module_preset=\u00bbdefault\u00bb header_level=\u00bbh2&#8243; header_font=\u00bb|700|||||||\u00bb header_text_color=\u00bb#9a2323&#8243; header_font_size=\u00bb26px\u00bb header_line_height=\u00bb1.8em\u00bb body_text_align=\u00bbjustify\u00bb body_font_size=\u00bb16px\u00bb body_line_height=\u00bb1.8em\u00bb background_color=\u00bbRGBA(0,0,0,0)\u00bb min_height=\u00bb508px\u00bb custom_padding=\u00bb15px|10px|15px|10px|true|true\u00bb header_font_size_tablet=\u00bb\u00bb header_font_size_phone=\u00bb20px\u00bb header_font_size_last_edited=\u00bbon|phone\u00bb border_radii=\u00bboff||||\u00bb border_color_all=\u00bb#242424&#8243; box_shadow_style=\u00bbpreset6&#8243;]<\/p>\n<p>Contribuir en la consolidaci\u00f3n de profesionales e investigadores con valores arraigados en el compromiso del desarrollo de la ciencia y en la formaci\u00f3n de su propio futuro. El postgrado ser\u00e1 el centro de referencia nacional y latinoamericano en cuanto a investigaci\u00f3n del conocimiento contable y ser\u00e1 el l\u00edder que marcar\u00e1 el rumbo de la Ciencia Contable.<\/p>\n<p>[\/et_pb_blurb][\/et_pb_column][\/et_pb_row][\/et_pb_section][et_pb_section fb_built=\u00bb1&#8243; _builder_version=\u00bb4.9.0&#8243; _module_preset=\u00bbdefault\u00bb custom_padding=\u00bb11px||33px|||\u00bb][et_pb_row _builder_version=\u00bb4.9.0&#8243; _module_preset=\u00bbdefault\u00bb custom_margin=\u00bb-23px|auto||auto||\u00bb custom_padding=\u00bb4px|||||\u00bb][et_pb_column type=\u00bb4_4&#8243; _builder_version=\u00bb4.9.0&#8243; _module_preset=\u00bbdefault\u00bb][et_pb_text _builder_version=\u00bb4.9.0&#8243; _module_preset=\u00bbdefault\u00bb text_font=\u00bb|700|||||||\u00bb text_text_color=\u00bb#9a2323&#8243; text_font_size=\u00bb40px\u00bb text_line_height=\u00bb2em\u00bb header_text_color=\u00bbrgba(79,79,79,0.81)\u00bb header_font_size=\u00bb50px\u00bb header_line_height=\u00bb1.5em\u00bb header_2_text_color=\u00bbrgba(79,79,79,0.81)\u00bb header_2_line_height=\u00bb1.5em\u00bb text_orientation=\u00bbcenter\u00bb custom_margin=\u00bb0px||-30px||false|false\u00bb custom_padding=\u00bb12px||22px||false|false\u00bb text_font_size_tablet=\u00bb\u00bb text_font_size_phone=\u00bb35px\u00bb text_font_size_last_edited=\u00bbon|phone\u00bb]<\/p>\n<p>Nuestros Objetivos<\/p>\n<p>[\/et_pb_text][\/et_pb_column][\/et_pb_row][\/et_pb_section][et_pb_section fb_built=\u00bb1&#8243; _builder_version=\u00bb4.9.0&#8243; _module_preset=\u00bbdefault\u00bb custom_margin=\u00bb||18px|||\u00bb custom_padding=\u00bb0px||32px|||\u00bb][et_pb_row column_structure=\u00bb1_2,1_2&#8243; make_equal=\u00bbon\u00bb _builder_version=\u00bb4.9.0&#8243; _module_preset=\u00bbdefault\u00bb custom_margin=\u00bb-3px|auto|-13px|auto||\u00bb custom_padding=\u00bb1px||45px|||\u00bb][et_pb_column type=\u00bb1_2&#8243; _builder_version=\u00bb4.9.0&#8243; _module_preset=\u00bbdefault\u00bb][et_pb_accordion open_toggle_text_color=\u00bb#9a2323&#8243; _builder_version=\u00bb4.9.0&#8243; _module_preset=\u00bbdefault\u00bb border_radii=\u00bboff||15px||15px\u00bb box_shadow_style=\u00bbpreset6&#8243; box_shadow_color=\u00bb#242424&#8243;][et_pb_accordion_item title=\u00bbObjetivo General\u00bb open_toggle_text_color=\u00bb#9a2323&#8243; _builder_version=\u00bb4.9.0&#8243; _module_preset=\u00bbdefault\u00bb body_font_size=\u00bb16px\u00bb body_line_height=\u00bb1.8em\u00bb box_shadow_style=\u00bbpreset6&#8243; toggle_text_color=\u00bb#9a2323&#8243; toggle_font=\u00bb|700|||||||\u00bb toggle_font_size=\u00bb25px\u00bb toggle_line_height=\u00bb0.7em\u00bb closed_toggle_font_size=\u00bb20px\u00bb toggle_font_size_tablet=\u00bb\u00bb toggle_font_size_phone=\u00bb20px\u00bb toggle_font_size_last_edited=\u00bbon|phone\u00bb open=\u00bbon\u00bb]<\/p>\n<p style=\"text-align: justify;\"><span>Promover la investigaci\u00f3n contable para dar respuesta a la demanda de la sociedad en las soluciones de los problemas que le compete a las ciencias contables y as\u00ed mantener un desarrollo sostenible del conocimiento en el tiempo<\/span><\/p>\n<h2><\/h2>\n<p>[\/et_pb_accordion_item][et_pb_accordion_item title=\u00bbObjetivos Espec\u00edficos\u00bb open=\u00bboff\u00bb open_toggle_text_color=\u00bb#9a2323&#8243; closed_toggle_text_color=\u00bb#9a2323&#8243; _builder_version=\u00bb4.9.0&#8243; _module_preset=\u00bbdefault\u00bb body_font_size=\u00bb16px\u00bb body_line_height=\u00bb1.8em\u00bb box_shadow_style=\u00bbpreset6&#8243; toggle_font=\u00bb|700|||||||\u00bb toggle_font_size=\u00bb25px\u00bb toggle_line_height=\u00bb1em\u00bb closed_toggle_font_size_tablet=\u00bb\u00bb closed_toggle_font_size_phone=\u00bb20px\u00bb closed_toggle_font_size_last_edited=\u00bbon|phone\u00bb]<\/p>\n<ul>\n<li style=\"text-align: justify;\">Organizar los conocimientos en el \u00e1rea de la contabilidad y su vinculaci\u00f3n con ciencias afines.<\/li>\n<li style=\"text-align: justify;\">Proporcionar herramientas \u00fatiles de investigaci\u00f3n a los profesionales para desempe\u00f1arse con \u00e9xito en el campo laboral.<\/li>\n<li style=\"text-align: justify;\">Fomentar las investigaciones en el \u00e1rea de la contabilidad para lograr su afianzamiento y desarrollo como ciencia.<\/li>\n<li style=\"text-align: justify;\">Formar docentes e investigadores en el \u00e1rea de la contabilidad, que contribuyan al realce de la universidad.<\/li>\n<li style=\"text-align: justify;\">Incentivar la investigaci\u00f3n generadora de conocimientos.<\/li>\n<\/ul>\n<p>[\/et_pb_accordion_item][\/et_pb_accordion][\/et_pb_column][et_pb_column type=\u00bb1_2&#8243; _builder_version=\u00bb4.9.0&#8243; _module_preset=\u00bbdefault\u00bb custom_css_main_element=\u00bbmargin:auto;\u00bb][et_pb_image src=\u00bbhttps:\/\/www.facesulavirtual.org\/pccw\/wp-content\/uploads\/2021\/03\/PPC_Objetivos.jpg\u00bb title_text=\u00bbPPC_Objetivos\u00bb disabled_on=\u00bbon|off|off\u00bb _builder_version=\u00bb4.9.0&#8243; _module_preset=\u00bbdefault\u00bb hover_enabled=\u00bb0&#8243; border_radii=\u00bboff||15px||15px\u00bb sticky_enabled=\u00bb0&#8243;][\/et_pb_image][\/et_pb_column][\/et_pb_row][\/et_pb_section]<\/p>\n","protected":false},"excerpt":{"rendered":"<p>Postgrado en Ciencias ContablesNuestra raz\u00f3n de serConsolidar un equipo de investigadores contables de la m\u00e1s alta calidad, que planteen a la sociedad nuevas perspectivas y conocimientos\u00a0 necesarios para el desarrollo del pa\u00eds a trav\u00e9s de equipos de investigadores inter-multidisciplinarios que bas\u00e1ndose en el pensamiento reflexivo, los valores y principios del hombre y la ciencia, formulen [&hellip;]<\/p>\n","protected":false},"author":1,"featured_media":0,"parent":0,"menu_order":0,"comment_status":"closed","ping_status":"closed","template":"","meta":{"_et_pb_use_builder":"on","_et_pb_old_content":"<!-- wp:divi\/placeholder \/-->","_et_gb_content_width":"","footnotes":""},"class_list":["post-18","page","type-page","status-publish","hentry"],"_links":{"self":[{"href":"https:\/\/www.facesulavirtual.org\/pcc\/wp-json\/wp\/v2\/pages\/18","targetHints":{"allow":["GET"]}}],"collection":[{"href":"https:\/\/www.facesulavirtual.org\/pcc\/wp-json\/wp\/v2\/pages"}],"about":[{"href":"https:\/\/www.facesulavirtual.org\/pcc\/wp-json\/wp\/v2\/types\/page"}],"author":[{"embeddable":true,"href":"https:\/\/www.facesulavirtual.org\/pcc\/wp-json\/wp\/v2\/users\/1"}],"replies":[{"embeddable":true,"href":"https:\/\/www.facesulavirtual.org\/pcc\/wp-json\/wp\/v2\/comments?post=18"}],"version-history":[{"count":66,"href":"https:\/\/www.facesulavirtual.org\/pcc\/wp-json\/wp\/v2\/pages\/18\/revisions"}],"predecessor-version":[{"id":2031,"href":"https:\/\/www.facesulavirtual.org\/pcc\/wp-json\/wp\/v2\/pages\/18\/revisions\/2031"}],"wp:attachment":[{"href":"https:\/\/www.facesulavirtual.org\/pcc\/wp-json\/wp\/v2\/media?parent=18"}],"curies":[{"name":"wp","href":"https:\/\/api.w.org\/{rel}","templated":true}]}}