{"id":16,"date":"2021-06-23T01:14:54","date_gmt":"2021-06-23T01:14:54","guid":{"rendered":"https:\/\/www.facesulavirtual.org\/gilog\/?page_id=16"},"modified":"2023-01-13T16:03:48","modified_gmt":"2023-01-13T16:03:48","slug":"extension","status":"publish","type":"page","link":"https:\/\/www.facesulavirtual.org\/gilog\/extension\/","title":{"rendered":"Extensi\u00f3n"},"content":{"rendered":"<p>[et_pb_section fb_built=\u00bb1&#8243; _builder_version=\u00bb4.16&#8243; _module_preset=\u00bbdefault\u00bb global_colors_info=\u00bb{}\u00bb][et_pb_row column_structure=\u00bb1_2,1_2&#8243; _builder_version=\u00bb4.16&#8243; _module_preset=\u00bbdefault\u00bb global_colors_info=\u00bb{}\u00bb][et_pb_column type=\u00bb1_2&#8243; _builder_version=\u00bb4.16&#8243; _module_preset=\u00bbdefault\u00bb global_colors_info=\u00bb{}\u00bb][et_pb_blurb title=\u00bbSAPIENZA ORGANIZACIONAL\u00bb _builder_version=\u00bb4.16&#8243; _module_preset=\u00bbdefault\u00bb header_font=\u00bb|700|||||||\u00bb header_text_align=\u00bbcenter\u00bb header_text_color=\u00bb#ef6903&#8243; header_font_size=\u00bb26px\u00bb header_line_height=\u00bb1.2em\u00bb body_text_align=\u00bbjustify\u00bb body_font_size=\u00bb16px\u00bb body_line_height=\u00bb2em\u00bb global_colors_info=\u00bb{}\u00bb]<\/p>\n<p><strong><span style=\"color: #800000;\"><a href=\"http:\/\/erevistas.saber.ula.ve\/index.php\/sapienza\/index\" style=\"color: #800000;\">La Revista Sapienza Organizacional<\/a><\/span><\/strong> perteneciente al Grupo de Investigaci\u00f3n en Legislaci\u00f3n Organizacional y Gerencia (GILOG) de la Facultad de Ciencias Econ\u00f3micas y Sociales de la Universidad de Los Andes (FACES-ULA), como \u00f3rgano de divulgaci\u00f3n de productos cient\u00edficos arbitrados con una periodicidad semestral. Tiene por objeto promover, a trav\u00e9s de la publicaci\u00f3n, la discusi\u00f3n sobre temas de actualidad relacionados con las organizaciones en el \u00e1mbito de legislaci\u00f3n organizacional, ciencias administrativas y contables, econom\u00eda, ambiente, humanidades, con hallazgos de las ciencias sociales en general; lo cual implica que el eje tem\u00e1tico sobre el cual versa el contenido de esta revista tiene un espectro multidisciplinario.<\/p>\n<p>[\/et_pb_blurb][\/et_pb_column][et_pb_column type=\u00bb1_2&#8243; _builder_version=\u00bb4.16&#8243; _module_preset=\u00bbdefault\u00bb global_colors_info=\u00bb{}\u00bb][et_pb_image src=\u00bbhttp:\/\/www.facesulavirtual.org\/gilog\/wp-content\/uploads\/2021\/10\/Sapienza-Organizacional-1-2021.jpg\u00bb title_text=\u00bbSapienza Organizacional 1 2021&#8243; url=\u00bbhttp:\/\/erevistas.saber.ula.ve\/index.php\/sapienza\/issue\/view\/1551\/showToc\u00bb _builder_version=\u00bb4.19.0&#8243; _module_preset=\u00bbdefault\u00bb hover_enabled=\u00bb0&#8243; global_colors_info=\u00bb{}\u00bb sticky_enabled=\u00bb0&#8243;][\/et_pb_image][\/et_pb_column][\/et_pb_row][\/et_pb_section]<\/p>\n","protected":false},"excerpt":{"rendered":"<p>La Revista Sapienza Organizacional perteneciente al Grupo de Investigaci\u00f3n en Legislaci\u00f3n Organizacional y Gerencia (GILOG) de la Facultad de Ciencias Econ\u00f3micas y Sociales de la Universidad de Los Andes (FACES-ULA), como \u00f3rgano de divulgaci\u00f3n de productos cient\u00edficos arbitrados con una periodicidad semestral. Tiene por objeto promover, a trav\u00e9s de la publicaci\u00f3n, la discusi\u00f3n sobre temas [&hellip;]<\/p>\n","protected":false},"author":1,"featured_media":639,"parent":0,"menu_order":0,"comment_status":"closed","ping_status":"closed","template":"","meta":{"_et_pb_use_builder":"on","_et_pb_old_content":"","_et_gb_content_width":"","footnotes":""},"class_list":["post-16","page","type-page","status-publish","has-post-thumbnail","hentry"],"_links":{"self":[{"href":"https:\/\/www.facesulavirtual.org\/gilog\/wp-json\/wp\/v2\/pages\/16","targetHints":{"allow":["GET"]}}],"collection":[{"href":"https:\/\/www.facesulavirtual.org\/gilog\/wp-json\/wp\/v2\/pages"}],"about":[{"href":"https:\/\/www.facesulavirtual.org\/gilog\/wp-json\/wp\/v2\/types\/page"}],"author":[{"embeddable":true,"href":"https:\/\/www.facesulavirtual.org\/gilog\/wp-json\/wp\/v2\/users\/1"}],"replies":[{"embeddable":true,"href":"https:\/\/www.facesulavirtual.org\/gilog\/wp-json\/wp\/v2\/comments?post=16"}],"version-history":[{"count":11,"href":"https:\/\/www.facesulavirtual.org\/gilog\/wp-json\/wp\/v2\/pages\/16\/revisions"}],"predecessor-version":[{"id":967,"href":"https:\/\/www.facesulavirtual.org\/gilog\/wp-json\/wp\/v2\/pages\/16\/revisions\/967"}],"wp:featuredmedia":[{"embeddable":true,"href":"https:\/\/www.facesulavirtual.org\/gilog\/wp-json\/wp\/v2\/media\/639"}],"wp:attachment":[{"href":"https:\/\/www.facesulavirtual.org\/gilog\/wp-json\/wp\/v2\/media?parent=16"}],"curies":[{"name":"wp","href":"https:\/\/api.w.org\/{rel}","templated":true}]}}