{"id":12,"date":"2021-06-23T01:13:05","date_gmt":"2021-06-23T01:13:05","guid":{"rendered":"https:\/\/www.facesulavirtual.org\/gilog\/?page_id=12"},"modified":"2025-03-01T16:31:36","modified_gmt":"2025-03-01T16:31:36","slug":"estudios","status":"publish","type":"page","link":"https:\/\/www.facesulavirtual.org\/gilog\/estudios\/","title":{"rendered":"Estudios"},"content":{"rendered":"<p>[et_pb_section fb_built=\u00bb1&#8243; _builder_version=\u00bb4.16&#8243; _module_preset=\u00bbdefault\u00bb custom_padding=\u00bb||94px|||\u00bb bottom_divider_style=\u00bbramp\u00bb bottom_divider_color=\u00bb#D6D6D6&#8243; global_colors_info=\u00bb{}\u00bb][et_pb_row _builder_version=\u00bb4.16&#8243; _module_preset=\u00bbdefault\u00bb custom_margin=\u00bb-35px|auto||auto||\u00bb global_colors_info=\u00bb{}\u00bb][et_pb_column type=\u00bb4_4&#8243; _builder_version=\u00bb4.16&#8243; _module_preset=\u00bbdefault\u00bb global_colors_info=\u00bb{}\u00bb][et_pb_text _builder_version=\u00bb4.16&#8243; _module_preset=\u00bbdefault\u00bb text_font=\u00bb|700|||||||\u00bb text_text_color=\u00bb#ef6903&#8243; text_font_size=\u00bb35px\u00bb text_line_height=\u00bb1.8em\u00bb text_orientation=\u00bbcenter\u00bb global_colors_info=\u00bb{}\u00bb]<\/p>\n<p>OFERTA ACAD\u00c9MICA<\/p>\n<p>[\/et_pb_text][\/et_pb_column][\/et_pb_row][et_pb_row column_structure=\u00bb1_2,1_2&#8243; _builder_version=\u00bb4.16&#8243; _module_preset=\u00bbdefault\u00bb global_colors_info=\u00bb{}\u00bb][et_pb_column type=\u00bb1_2&#8243; _builder_version=\u00bb4.16&#8243; _module_preset=\u00bbdefault\u00bb global_colors_info=\u00bb{}\u00bb][et_pb_text _builder_version=\u00bb4.16&#8243; _module_preset=\u00bbdefault\u00bb text_line_height=\u00bb1.9em\u00bb text_orientation=\u00bbjustified\u00bb global_colors_info=\u00bb{}\u00bb]<\/p>\n<p>El Grupo de Investigaci\u00f3n en el decurso de su desarrollo est\u00e1 denotando el inter\u00e9s por la docencia, la investigaci\u00f3n y la extensi\u00f3n como din\u00e1mica de trabajo.<\/p>\n<p>El postgrado tiene gran preponderancia. Particularmente en los programas del Doctorado en Ciencias Organizacionales (DCO) y La Especializaci\u00f3n en Derecho del Trabajo y la Seguridad Social (EDTYSS), ya que se est\u00e1 generando continuamente conocimiento y se accede a la apropiaci\u00f3n, producci\u00f3n y divulgaci\u00f3n de meta teor\u00edas en sus \u00e1reas de investigaci\u00f3n. Permitiendo de esta manera afinar la principal competencia gen\u00e9rica de sus participantes, investigar de manera aut\u00f3noma, sobre las organizaciones.<\/p>\n<p>[\/et_pb_text][\/et_pb_column][et_pb_column type=\u00bb1_2&#8243; _builder_version=\u00bb4.16&#8243; _module_preset=\u00bbdefault\u00bb global_colors_info=\u00bb{}\u00bb][et_pb_video src=\u00bbhttps:\/\/www.youtube.com\/watch?v=7BcGOth5CLc&#038;feature=emb_logo\u00bb _builder_version=\u00bb4.16&#8243; _module_preset=\u00bbdefault\u00bb border_radii=\u00bbon|12px|12px|12px|12px\u00bb global_colors_info=\u00bb{}\u00bb][\/et_pb_video][\/et_pb_column][\/et_pb_row][et_pb_row column_structure=\u00bb1_2,1_2&#8243; _builder_version=\u00bb4.16&#8243; _module_preset=\u00bbdefault\u00bb global_colors_info=\u00bb{}\u00bb width=\u00bb77.9%\u00bb][et_pb_column type=\u00bb1_2&#8243; _builder_version=\u00bb4.16&#8243; _module_preset=\u00bbdefault\u00bb global_colors_info=\u00bb{}\u00bb][et_pb_text _builder_version=\u00bb4.16&#8243; _module_preset=\u00bbdefault\u00bb text_line_height=\u00bb1.9em\u00bb text_orientation=\u00bbjustified\u00bb hover_enabled=\u00bb0&#8243; global_colors_info=\u00bb{}\u00bb custom_padding=\u00bb||0px|||\u00bb sticky_enabled=\u00bb0&#8243;]<\/p>\n<p>Excelencia Acad\u00e9mica en Ciencias Organizacionales: Conoce a los Investigadores Internacionales del N\u00facleo del Doctorado FACES-ULA<\/p>\n<p>En este video se presenta de manera formal a los participantes internacionales que conforman el N\u00facleo Acad\u00e9mico B\u00e1sico (NAB) del Programa Doctoral en Ciencias Organizacionales, la idea es que tengan en cuenta a los destacados profesores e investigadores que impulsan la vanguardia en el estudio de las organizaciones, su gesti\u00f3n y su impacto en la sociedad, no solo en sus latitudes sino tambi\u00e9n como colaboradores en redes de investigaci\u00f3n en toda Latinoam\u00e9rica.<\/p>\n<p>[\/et_pb_text][et_pb_text _builder_version=\u00bb4.16&#8243; _module_preset=\u00bbdefault\u00bb text_line_height=\u00bb1.9em\u00bb text_orientation=\u00bbjustified\u00bb global_colors_info=\u00bb{}\u00bb][\/et_pb_text][\/et_pb_column][et_pb_column type=\u00bb1_2&#8243; _builder_version=\u00bb4.16&#8243; _module_preset=\u00bbdefault\u00bb global_colors_info=\u00bb{}\u00bb][et_pb_video _builder_version=\u00bb4.27.4&#8243; _module_preset=\u00bbdefault\u00bb title_text=\u00bbV\u00eddeo ULA\u00bb src_webm=\u00bbhttp:\/\/www.facesulavirtual.org\/gilog\/wp-content\/uploads\/2025\/02\/Video-ULA.mp4&#8243; hover_enabled=\u00bb0&#8243; sticky_enabled=\u00bb0&#8243;][\/et_pb_video][\/et_pb_column][\/et_pb_row][\/et_pb_section][et_pb_section fb_built=\u00bb1&#8243; _builder_version=\u00bb4.16&#8243; _module_preset=\u00bbdefault\u00bb background_color=\u00bb#D6D6D6&#8243; custom_margin=\u00bb-6px|||||\u00bb global_colors_info=\u00bb{}\u00bb][et_pb_row column_structure=\u00bb1_2,1_2&#8243; _builder_version=\u00bb4.16&#8243; _module_preset=\u00bbdefault\u00bb custom_margin=\u00bb-20px|auto||auto||\u00bb global_colors_info=\u00bb{}\u00bb][et_pb_column type=\u00bb1_2&#8243; _builder_version=\u00bb4.16&#8243; _module_preset=\u00bbdefault\u00bb global_colors_info=\u00bb{}\u00bb][et_pb_blurb title=\u00bbDoctorado en Ciencias Organizacionales\u00bb image=\u00bbhttp:\/\/www.facesulavirtual.org\/gilog\/wp-content\/uploads\/2021\/10\/Alma_mater0080.jpg\u00bb _builder_version=\u00bb4.27.4&#8243; _module_preset=\u00bbdefault\u00bb header_font=\u00bb|700|||||||\u00bb header_text_color=\u00bb#ef6903&#8243; header_font_size=\u00bb20px\u00bb header_line_height=\u00bb2.3em\u00bb body_font=\u00bb|700|||||||\u00bb body_text_align=\u00bbleft\u00bb body_text_color=\u00bb#8c072f\u00bb body_font_size=\u00bb16px\u00bb background_color=\u00bb#FFFFFF\u00bb custom_margin=\u00bb|0px||0px|false|false\u00bb custom_padding=\u00bb10px|10px|20px|10px|false|false\u00bb hover_enabled=\u00bb0&#8243; header_line_height_tablet=\u00bb\u00bb header_line_height_phone=\u00bb1.8em\u00bb header_line_height_last_edited=\u00bbon|phone\u00bb body_font_tablet=\u00bb\u00bb body_font_phone=\u00bb|700|||||||\u00bb body_font_last_edited=\u00bbon|phone\u00bb border_radii=\u00bbon|12px|12px|12px|12px\u00bb border_radii_image=\u00bbon|12px|12px|12px|12px\u00bb box_shadow_style=\u00bbpreset3&#8243; global_colors_info=\u00bb{}\u00bb title_text=\u00bbEstudios\u00bb sticky_enabled=\u00bb0&#8243;]<\/p>\n<p><span style=\"color: #800000;\"><a href=\"https:\/\/www.facesulavirtual.org\/gilog\/estudios\/doctorado-en-ciencias-organizacionales\/\" style=\"color: #800000;\">Leer m\u00e1s&#8230;<\/a><\/span><\/p>\n<p>[\/et_pb_blurb][\/et_pb_column][et_pb_column type=\u00bb1_2&#8243; _builder_version=\u00bb4.16&#8243; _module_preset=\u00bbdefault\u00bb global_colors_info=\u00bb{}\u00bb][et_pb_blurb title=\u00bbEspecializaci\u00f3n en Derecho del Trabajo y la Seguridad Social\u00bb image=\u00bbhttp:\/\/www.facesulavirtual.org\/gilog\/wp-content\/uploads\/2021\/10\/Alma_mater0441.jpg\u00bb _builder_version=\u00bb4.27.4&#8243; _module_preset=\u00bbdefault\u00bb header_font=\u00bb|700|||||||\u00bb header_text_color=\u00bb#ef6903&#8243; header_font_size=\u00bb20px\u00bb header_line_height=\u00bb1.4em\u00bb body_font=\u00bb|700|||||||\u00bb body_text_align=\u00bbleft\u00bb body_text_color=\u00bb#8c072f\u00bb body_font_size=\u00bb16px\u00bb background_color=\u00bb#FFFFFF\u00bb custom_padding=\u00bb10px|10px|10px|10px|false|false\u00bb hover_enabled=\u00bb0&#8243; body_font_tablet=\u00bb\u00bb body_font_phone=\u00bb|700|||||||\u00bb body_font_last_edited=\u00bbon|phone\u00bb border_radii=\u00bbon|12px|12px|12px|12px\u00bb border_radii_image=\u00bbon|12px|12px|12px|12px\u00bb box_shadow_style=\u00bbpreset3&#8243; global_colors_info=\u00bb{}\u00bb title_text=\u00bbContactos\u00bb sticky_enabled=\u00bb0&#8243;]<\/p>\n<p><span style=\"color: #800000;\"><a href=\"https:\/\/www.facesulavirtual.org\/gilog\/estudios\/especializacion-en-derecho-del-trabajo-y-la-seguridad-social\" style=\"color: #800000;\">Leer m\u00e1s&#8230;<\/a><\/span><\/p>\n<p>[\/et_pb_blurb][\/et_pb_column][\/et_pb_row][\/et_pb_section]<\/p>\n","protected":false},"excerpt":{"rendered":"<p>OFERTA ACAD\u00c9MICAEl Grupo de Investigaci\u00f3n en el decurso de su desarrollo est\u00e1 denotando el inter\u00e9s por la docencia, la investigaci\u00f3n y la extensi\u00f3n como din\u00e1mica de trabajo. El postgrado tiene gran preponderancia. Particularmente en los programas del Doctorado en Ciencias Organizacionales (DCO) y La Especializaci\u00f3n en Derecho del Trabajo y la Seguridad Social (EDTYSS), ya [&hellip;]<\/p>\n","protected":false},"author":1,"featured_media":637,"parent":0,"menu_order":0,"comment_status":"closed","ping_status":"closed","template":"","meta":{"_et_pb_use_builder":"on","_et_pb_old_content":"","_et_gb_content_width":"","footnotes":""},"class_list":["post-12","page","type-page","status-publish","has-post-thumbnail","hentry"],"_links":{"self":[{"href":"https:\/\/www.facesulavirtual.org\/gilog\/wp-json\/wp\/v2\/pages\/12","targetHints":{"allow":["GET"]}}],"collection":[{"href":"https:\/\/www.facesulavirtual.org\/gilog\/wp-json\/wp\/v2\/pages"}],"about":[{"href":"https:\/\/www.facesulavirtual.org\/gilog\/wp-json\/wp\/v2\/types\/page"}],"author":[{"embeddable":true,"href":"https:\/\/www.facesulavirtual.org\/gilog\/wp-json\/wp\/v2\/users\/1"}],"replies":[{"embeddable":true,"href":"https:\/\/www.facesulavirtual.org\/gilog\/wp-json\/wp\/v2\/comments?post=12"}],"version-history":[{"count":18,"href":"https:\/\/www.facesulavirtual.org\/gilog\/wp-json\/wp\/v2\/pages\/12\/revisions"}],"predecessor-version":[{"id":1115,"href":"https:\/\/www.facesulavirtual.org\/gilog\/wp-json\/wp\/v2\/pages\/12\/revisions\/1115"}],"wp:featuredmedia":[{"embeddable":true,"href":"https:\/\/www.facesulavirtual.org\/gilog\/wp-json\/wp\/v2\/media\/637"}],"wp:attachment":[{"href":"https:\/\/www.facesulavirtual.org\/gilog\/wp-json\/wp\/v2\/media?parent=12"}],"curies":[{"name":"wp","href":"https:\/\/api.w.org\/{rel}","templated":true}]}}