{"id":10,"date":"2021-06-23T01:12:21","date_gmt":"2021-06-23T01:12:21","guid":{"rendered":"https:\/\/www.facesulavirtual.org\/gilog\/?page_id=10"},"modified":"2025-01-14T21:09:15","modified_gmt":"2025-01-14T21:09:15","slug":"nosotros","status":"publish","type":"page","link":"https:\/\/www.facesulavirtual.org\/gilog\/nosotros\/","title":{"rendered":"Nosotros"},"content":{"rendered":"<p>[et_pb_section fb_built=\u00bb1&#8243; _builder_version=\u00bb4.16&#8243; _module_preset=\u00bbdefault\u00bb background_color=\u00bb#FFFFFF\u00bb custom_padding=\u00bb7px||0px|||\u00bb bottom_divider_style=\u00bbramp\u00bb bottom_divider_color=\u00bb#D6D6D6&#8243; global_colors_info=\u00bb{}\u00bb][et_pb_row _builder_version=\u00bb4.16&#8243; _module_preset=\u00bbdefault\u00bb global_colors_info=\u00bb{}\u00bb][et_pb_column type=\u00bb4_4&#8243; _builder_version=\u00bb4.16&#8243; _module_preset=\u00bbdefault\u00bb global_colors_info=\u00bb{}\u00bb][et_pb_blurb title=\u00bb\u00bfQUI\u00c9NES SOMOS?\u00bb _builder_version=\u00bb4.16&#8243; _module_preset=\u00bbdefault\u00bb header_level=\u00bbh2&#8243; header_font=\u00bb|700|||||||\u00bb header_text_align=\u00bbcenter\u00bb header_text_color=\u00bb#ef6903&#8243; header_font_size=\u00bb35px\u00bb header_line_height=\u00bb1.5em\u00bb global_colors_info=\u00bb{}\u00bb][\/et_pb_blurb][\/et_pb_column][\/et_pb_row][et_pb_row _builder_version=\u00bb4.16&#8243; _module_preset=\u00bbdefault\u00bb custom_padding=\u00bb5px|||||\u00bb global_colors_info=\u00bb{}\u00bb][et_pb_column type=\u00bb4_4&#8243; _builder_version=\u00bb4.16&#8243; _module_preset=\u00bbdefault\u00bb global_colors_info=\u00bb{}\u00bb][et_pb_text _builder_version=\u00bb4.16&#8243; _module_preset=\u00bbdefault\u00bb text_font=\u00bb|600|||||||\u00bb text_font_size=\u00bb20px\u00bb text_line_height=\u00bb1.8em\u00bb text_orientation=\u00bbjustified\u00bb custom_padding=\u00bb||90px|||\u00bb text_font_size_tablet=\u00bb\u00bb text_font_size_phone=\u00bb16px\u00bb text_font_size_last_edited=\u00bbon|phone\u00bb global_colors_info=\u00bb{}\u00bb]<\/p>\n<p dir=\"ltr\" class=\"CDt4Ke zfr3Q\"><span>El Grupo de Investigaci\u00f3n de Legislaci\u00f3n Organizacional y Gerencia (GILOG),\u00a0<\/span>fue fundando<span>\u00a0<\/span><span>por destacados profesores e investigadores de la Escuela de Administraci\u00f3n y Contadur\u00eda P\u00fablica de la Facultad de Ciencias Econ\u00f3micas y Sociales de la Universidad de Los Andes, M\u00e9rida-Venezuela: Laura Angelina Obando Uzc\u00e1tegui, Mar\u00eda Alejandra Villasmil Rubio, Mar\u00eda Virginia Camacaro P\u00e9rez, C\u00e9sar Enrique Mora Contreras, Mar\u00eda Fernanda Silva Dugarte, Virgilio\u00a0<\/span>C<span>astillo\u00a0<\/span>B<span>lanco, Sandra Ben\u00edtez, Alejandra Parra Lira, Rolando Sumoza y Frank Eduardo Rivas Torres.<\/span><\/p>\n<p dir=\"ltr\" class=\"CDt4Ke zfr3Q\"><span>El grupo es de car\u00e1cter, en principio, interdisciplinario ya que se compone de dos disciplinas como el Derecho y la Gerencia que se abocan al estudio de las organizaciones en general, sin embargo su intenci\u00f3n va m\u00e1s all\u00e1 de hacer hermen\u00e9utica intelectual, pues en ocasiones estas \u00e1reas se fusionan compartiendo un objeto de estudio, por ejemplo: Procesos y organizaci\u00f3n del trabajo, Estudios Organizacionales, gerencia de capital humano, gerencia p\u00fablica, marcos regulatorios, relaciones laborales, entre otros t\u00f3picos de inter\u00e9s acad\u00e9mico, cient\u00edfico nacional e internacional, hecho que sin duda le da el car\u00e1cter multidisciplinario, ya que involucra el conocimiento de varias ciencias, cada una aportando desde su espacio al tema en discusi\u00f3n.<\/span><\/p>\n<p>[\/et_pb_text][\/et_pb_column][\/et_pb_row][\/et_pb_section][et_pb_section fb_built=\u00bb1&#8243; _builder_version=\u00bb4.16&#8243; _module_preset=\u00bbdefault\u00bb background_color=\u00bb#D6D6D6&#8243; custom_padding=\u00bb7px|||||\u00bb global_colors_info=\u00bb{}\u00bb][et_pb_row _builder_version=\u00bb4.16&#8243; _module_preset=\u00bbdefault\u00bb custom_padding=\u00bb5px|||||\u00bb global_colors_info=\u00bb{}\u00bb][et_pb_column type=\u00bb4_4&#8243; _builder_version=\u00bb4.16&#8243; _module_preset=\u00bbdefault\u00bb global_colors_info=\u00bb{}\u00bb][et_pb_blurb title=\u00bbMIEMBROS FUNDADORES\u00bb _builder_version=\u00bb4.16&#8243; _module_preset=\u00bbdefault\u00bb header_level=\u00bbh2&#8243; header_font=\u00bb|700|||||||\u00bb header_text_align=\u00bbcenter\u00bb header_text_color=\u00bb#ef6903&#8243; header_font_size=\u00bb35px\u00bb header_line_height=\u00bb1.5em\u00bb custom_padding=\u00bb0px|||||\u00bb global_colors_info=\u00bb{}\u00bb][\/et_pb_blurb][\/et_pb_column][\/et_pb_row][et_pb_row column_structure=\u00bb1_5,1_5,1_5,1_5,1_5&#8243; _builder_version=\u00bb4.16&#8243; _module_preset=\u00bbdefault\u00bb global_colors_info=\u00bb{}\u00bb][et_pb_column type=\u00bb1_5&#8243; _builder_version=\u00bb4.16&#8243; _module_preset=\u00bbdefault\u00bb global_colors_info=\u00bb{}\u00bb][et_pb_blurb title=\u00bbMar\u00eda Alejandra Villasmil Rubio\u00bb url=\u00bbhttps:\/\/www.facesulavirtual.org\/gilog\/integrantes\/maria-alejandra-villasmil-rubio\u00bb image=\u00bbhttp:\/\/www.facesulavirtual.org\/gilog\/wp-content\/uploads\/2023\/01\/Maria-Alejandra-Villasmil_.png\u00bb _builder_version=\u00bb4.19.0&#8243; _module_preset=\u00bbdefault\u00bb header_font=\u00bb|700|||||||\u00bb header_text_align=\u00bbcenter\u00bb header_text_color=\u00bb#ef6903&#8243; header_font_size=\u00bb16px\u00bb header_line_height=\u00bb1.5em\u00bb background_color=\u00bb#FFFFFF\u00bb border_radii=\u00bbon|12px|12px|12px|12px\u00bb border_color_all=\u00bb#474747&#8243; global_colors_info=\u00bb{}\u00bb][\/et_pb_blurb][\/et_pb_column][et_pb_column type=\u00bb1_5&#8243; _builder_version=\u00bb4.16&#8243; _module_preset=\u00bbdefault\u00bb global_colors_info=\u00bb{}\u00bb][et_pb_blurb title=\u00bbFrank Eduardo   Rivas Torres\u00bb url=\u00bbhttps:\/\/www.facesulavirtual.org\/gilog\/integrantes\/frank-eduardo-rivas-torres\u00bb image=\u00bbhttp:\/\/www.facesulavirtual.org\/gilog\/wp-content\/uploads\/2023\/01\/Frank-E.-Rivas-Torres.png\u00bb _builder_version=\u00bb4.19.0&#8243; _module_preset=\u00bbdefault\u00bb header_font=\u00bb|700|||||||\u00bb header_text_align=\u00bbcenter\u00bb header_text_color=\u00bb#ef6903&#8243; header_font_size=\u00bb16px\u00bb header_line_height=\u00bb1.5em\u00bb background_color=\u00bb#FFFFFF\u00bb custom_margin=\u00bb||-3px|||\u00bb custom_padding=\u00bb||0px|||\u00bb border_radii=\u00bbon|12px|12px|12px|12px\u00bb border_color_all=\u00bb#474747&#8243; global_colors_info=\u00bb{}\u00bb][\/et_pb_blurb][\/et_pb_column][et_pb_column type=\u00bb1_5&#8243; _builder_version=\u00bb4.16&#8243; _module_preset=\u00bbdefault\u00bb global_colors_info=\u00bb{}\u00bb][et_pb_blurb title=\u00bbLaura Angelina Obando Uzc\u00e1tegui\u00bb url=\u00bbhttps:\/\/www.facesulavirtual.org\/gilog\/integrantes\/laura-angelina-obando-uzcategui\u00bb image=\u00bbhttp:\/\/www.facesulavirtual.org\/gilog\/wp-content\/uploads\/2023\/01\/Laura-Angelina-Obando-1.png\u00bb _builder_version=\u00bb4.19.0&#8243; _module_preset=\u00bbdefault\u00bb header_font=\u00bb|700|||||||\u00bb header_text_align=\u00bbcenter\u00bb header_text_color=\u00bb#ef6903&#8243; header_font_size=\u00bb16px\u00bb header_line_height=\u00bb1.5em\u00bb background_color=\u00bb#FFFFFF\u00bb custom_margin=\u00bb2px|||||\u00bb custom_padding=\u00bb||0px|||\u00bb border_radii=\u00bbon|12px|12px|12px|12px\u00bb border_color_all=\u00bb#474747&#8243; global_colors_info=\u00bb{}\u00bb][\/et_pb_blurb][\/et_pb_column][et_pb_column type=\u00bb1_5&#8243; _builder_version=\u00bb4.16&#8243; _module_preset=\u00bbdefault\u00bb global_colors_info=\u00bb{}\u00bb][et_pb_blurb title=\u00bbMar\u00eda Virginia Camacaro P\u00e9rez\u00bb url=\u00bbhttps:\/\/www.facesulavirtual.org\/gilog\/integrantes\/maria-virginia-camacaro-perez\u00bb image=\u00bbhttp:\/\/www.facesulavirtual.org\/gilog\/wp-content\/uploads\/2023\/01\/camacaro.jpg\u00bb _builder_version=\u00bb4.19.0&#8243; _module_preset=\u00bbdefault\u00bb header_font=\u00bb|700|||||||\u00bb header_text_align=\u00bbcenter\u00bb header_text_color=\u00bb#ef6903&#8243; header_font_size=\u00bb16px\u00bb header_line_height=\u00bb1.5em\u00bb background_color=\u00bb#FFFFFF\u00bb border_radii=\u00bbon|12px|12px|12px|12px\u00bb border_color_all=\u00bb#474747&#8243; global_colors_info=\u00bb{}\u00bb][\/et_pb_blurb][\/et_pb_column][et_pb_column type=\u00bb1_5&#8243; _builder_version=\u00bb4.16&#8243; _module_preset=\u00bbdefault\u00bb global_colors_info=\u00bb{}\u00bb][et_pb_blurb title=\u00bb         Rolando          Sumoza Matos\u00bb url=\u00bbhttps:\/\/www.facesulavirtual.org\/gilog\/integrantes\/rolando-sumoza-matos\u00bb image=\u00bbhttp:\/\/www.facesulavirtual.org\/gilog\/wp-content\/uploads\/2023\/01\/Rolando-Jose-Sumoza-Matos_.png\u00bb _builder_version=\u00bb4.19.0&#8243; _module_preset=\u00bbdefault\u00bb header_font=\u00bb|700|||||||\u00bb header_text_align=\u00bbcenter\u00bb header_text_color=\u00bb#ef6903&#8243; header_font_size=\u00bb16px\u00bb header_line_height=\u00bb1.5em\u00bb background_color=\u00bb#FFFFFF\u00bb custom_padding=\u00bb||0px|||\u00bb border_radii=\u00bbon|12px|12px|12px|12px\u00bb border_color_all=\u00bb#474747&#8243; global_colors_info=\u00bb{}\u00bb][\/et_pb_blurb][\/et_pb_column][\/et_pb_row][et_pb_row column_structure=\u00bb1_5,1_5,1_5,1_5,1_5&#8243; _builder_version=\u00bb4.16&#8243; _module_preset=\u00bbdefault\u00bb global_colors_info=\u00bb{}\u00bb][et_pb_column type=\u00bb1_5&#8243; _builder_version=\u00bb4.16&#8243; _module_preset=\u00bbdefault\u00bb global_colors_info=\u00bb{}\u00bb][et_pb_blurb title=\u00bb   C\u00e9sar Enrique    Mora Contreras\u00bb url=\u00bbhttps:\/\/www.facesulavirtual.org\/gilog\/integrantes\/cesar-enrique-mora-contreras\u00bb image=\u00bbhttp:\/\/www.facesulavirtual.org\/gilog\/wp-content\/uploads\/2021\/09\/Cesar-Enrique-Mora-1.png\u00bb _builder_version=\u00bb4.16&#8243; _module_preset=\u00bbdefault\u00bb header_font=\u00bb|700|||||||\u00bb header_text_align=\u00bbcenter\u00bb header_text_color=\u00bb#ef6903&#8243; header_font_size=\u00bb16px\u00bb header_line_height=\u00bb1.5em\u00bb background_color=\u00bb#FFFFFF\u00bb custom_padding=\u00bb||4px|||\u00bb border_radii=\u00bbon|12px|12px|12px|12px\u00bb border_color_all=\u00bb#474747&#8243; global_colors_info=\u00bb{}\u00bb][\/et_pb_blurb][\/et_pb_column][et_pb_column type=\u00bb1_5&#8243; _builder_version=\u00bb4.16&#8243; _module_preset=\u00bbdefault\u00bb global_colors_info=\u00bb{}\u00bb][et_pb_blurb title=\u00bbMar\u00eda Fernanda  Silva Dugarte\u00bb url=\u00bbhttps:\/\/www.facesulavirtual.org\/gilog\/integrantes\/maria-fernanda-silva-dugarte\u00bb image=\u00bbhttp:\/\/www.facesulavirtual.org\/gilog\/wp-content\/uploads\/2021\/09\/Maria-Alejandra-Silva-1.png\u00bb _builder_version=\u00bb4.16&#8243; _module_preset=\u00bbdefault\u00bb header_font=\u00bb|700|||||||\u00bb header_text_align=\u00bbcenter\u00bb header_text_color=\u00bb#ef6903&#8243; header_font_size=\u00bb16px\u00bb header_line_height=\u00bb1.5em\u00bb background_color=\u00bb#FFFFFF\u00bb custom_padding=\u00bb||4px|||\u00bb border_radii=\u00bbon|12px|12px|12px|12px\u00bb border_color_all=\u00bb#474747&#8243; global_colors_info=\u00bb{}\u00bb][\/et_pb_blurb][\/et_pb_column][et_pb_column type=\u00bb1_5&#8243; _builder_version=\u00bb4.16&#8243; _module_preset=\u00bbdefault\u00bb global_colors_info=\u00bb{}\u00bb][et_pb_blurb title=\u00bbSandra Lisdee Ben\u00edtez Uzc\u00e1tegui\u00bb url=\u00bbhttps:\/\/www.facesulavirtual.org\/gilog\/integrantes\/sandra-lisdee-benitez-uzcategui\u00bb image=\u00bbhttp:\/\/www.facesulavirtual.org\/gilog\/wp-content\/uploads\/2021\/09\/Sandra-Benitez.jpg\u00bb _builder_version=\u00bb4.16&#8243; _module_preset=\u00bbdefault\u00bb header_font=\u00bb|700|||||||\u00bb header_text_align=\u00bbcenter\u00bb header_text_color=\u00bb#ef6903&#8243; header_font_size=\u00bb16px\u00bb header_line_height=\u00bb1.5em\u00bb background_color=\u00bb#FFFFFF\u00bb custom_padding=\u00bb||3px|||\u00bb border_radii=\u00bbon|12px|12px|12px|12px\u00bb border_color_all=\u00bb#474747&#8243; global_colors_info=\u00bb{}\u00bb][\/et_pb_blurb][\/et_pb_column][et_pb_column type=\u00bb1_5&#8243; _builder_version=\u00bb4.16&#8243; _module_preset=\u00bbdefault\u00bb global_colors_info=\u00bb{}\u00bb][et_pb_blurb title=\u00bb           Virgilio             Castillo Blanco\u00bb url=\u00bbhttps:\/\/www.facesulavirtual.org\/gilog\/integrantes\/virgilio-castillo-blanco\u00bb image=\u00bbhttp:\/\/www.facesulavirtual.org\/gilog\/wp-content\/uploads\/2021\/09\/Virgilio-Castillo.png\u00bb _builder_version=\u00bb4.16&#8243; _module_preset=\u00bbdefault\u00bb header_font=\u00bb|700|||||||\u00bb header_text_align=\u00bbcenter\u00bb header_text_color=\u00bb#ef6903&#8243; header_font_size=\u00bb16px\u00bb header_line_height=\u00bb1.5em\u00bb background_color=\u00bb#FFFFFF\u00bb border_radii=\u00bbon|12px|12px|12px|12px\u00bb border_color_all=\u00bb#474747&#8243; global_colors_info=\u00bb{}\u00bb][\/et_pb_blurb][\/et_pb_column][et_pb_column type=\u00bb1_5&#8243; _builder_version=\u00bb4.16&#8243; _module_preset=\u00bbdefault\u00bb global_colors_info=\u00bb{}\u00bb][et_pb_blurb title=\u00bb           Alejandra            Parra Lira\u00bb url=\u00bbhttps:\/\/www.facesulavirtual.org\/gilog\/integrantes\/alejandra-parra-lira\u00bb image=\u00bbhttp:\/\/www.facesulavirtual.org\/gilog\/wp-content\/uploads\/2021\/09\/Alejandra-Parra.png\u00bb _builder_version=\u00bb4.16&#8243; _module_preset=\u00bbdefault\u00bb header_font=\u00bb|700|||||||\u00bb header_text_align=\u00bbcenter\u00bb header_text_color=\u00bb#ef6903&#8243; header_font_size=\u00bb16px\u00bb header_line_height=\u00bb1.5em\u00bb background_color=\u00bb#FFFFFF\u00bb min_height=\u00bb291.5px\u00bb custom_margin=\u00bb||21px|||\u00bb custom_padding=\u00bb||2px|||\u00bb border_radii=\u00bbon|12px|12px|12px|12px\u00bb border_color_all=\u00bb#474747&#8243; global_colors_info=\u00bb{}\u00bb][\/et_pb_blurb][\/et_pb_column][\/et_pb_row][\/et_pb_section]<\/p>\n","protected":false},"excerpt":{"rendered":"<p>El Grupo de Investigaci\u00f3n de Legislaci\u00f3n Organizacional y Gerencia (GILOG),\u00a0fue fundando\u00a0por destacados profesores e investigadores de la Escuela de Administraci\u00f3n y Contadur\u00eda P\u00fablica de la Facultad de Ciencias Econ\u00f3micas y Sociales de la Universidad de Los Andes, M\u00e9rida-Venezuela: Laura Angelina Obando Uzc\u00e1tegui, Mar\u00eda Alejandra Villasmil Rubio, Mar\u00eda Virginia Camacaro P\u00e9rez, C\u00e9sar Enrique Mora Contreras, Mar\u00eda [&hellip;]<\/p>\n","protected":false},"author":1,"featured_media":644,"parent":0,"menu_order":0,"comment_status":"closed","ping_status":"closed","template":"","meta":{"_et_pb_use_builder":"on","_et_pb_old_content":"","_et_gb_content_width":"","footnotes":""},"class_list":["post-10","page","type-page","status-publish","has-post-thumbnail","hentry"],"_links":{"self":[{"href":"https:\/\/www.facesulavirtual.org\/gilog\/wp-json\/wp\/v2\/pages\/10","targetHints":{"allow":["GET"]}}],"collection":[{"href":"https:\/\/www.facesulavirtual.org\/gilog\/wp-json\/wp\/v2\/pages"}],"about":[{"href":"https:\/\/www.facesulavirtual.org\/gilog\/wp-json\/wp\/v2\/types\/page"}],"author":[{"embeddable":true,"href":"https:\/\/www.facesulavirtual.org\/gilog\/wp-json\/wp\/v2\/users\/1"}],"replies":[{"embeddable":true,"href":"https:\/\/www.facesulavirtual.org\/gilog\/wp-json\/wp\/v2\/comments?post=10"}],"version-history":[{"count":51,"href":"https:\/\/www.facesulavirtual.org\/gilog\/wp-json\/wp\/v2\/pages\/10\/revisions"}],"predecessor-version":[{"id":997,"href":"https:\/\/www.facesulavirtual.org\/gilog\/wp-json\/wp\/v2\/pages\/10\/revisions\/997"}],"wp:featuredmedia":[{"embeddable":true,"href":"https:\/\/www.facesulavirtual.org\/gilog\/wp-json\/wp\/v2\/media\/644"}],"wp:attachment":[{"href":"https:\/\/www.facesulavirtual.org\/gilog\/wp-json\/wp\/v2\/media?parent=10"}],"curies":[{"name":"wp","href":"https:\/\/api.w.org\/{rel}","templated":true}]}}