{"id":412,"date":"2023-04-07T21:36:13","date_gmt":"2023-04-07T21:36:13","guid":{"rendered":"https:\/\/www.facesulavirtual.org\/cide\/?page_id=412"},"modified":"2024-02-21T17:11:31","modified_gmt":"2024-02-21T17:11:31","slug":"investigacion","status":"publish","type":"page","link":"https:\/\/www.facesulavirtual.org\/cide\/investigacion\/","title":{"rendered":"Investigaciones"},"content":{"rendered":"<p>[et_pb_section fb_built=\u00bb1&#8243; _builder_version=\u00bb4.20.4&#8243; _module_preset=\u00bbdefault\u00bb background_image=\u00bbhttps:\/\/www.facesulavirtual.org\/cide\/wp-content\/uploads\/2023\/04\/investigacion-tec-de-monterrey.jpeg\u00bb height=\u00bb337px\u00bb height_tablet=\u00bb316px\u00bb height_phone=\u00bb316px\u00bb height_last_edited=\u00bbon|phone\u00bb custom_margin=\u00bb||-34px|||\u00bb background_last_edited=\u00bbon|desktop\u00bb global_colors_info=\u00bb{}\u00bb][et_pb_row _builder_version=\u00bb4.20.4&#8243; _module_preset=\u00bbdefault\u00bb custom_padding=\u00bb29px|||||\u00bb global_colors_info=\u00bb{}\u00bb][et_pb_column type=\u00bb4_4&#8243; _builder_version=\u00bb4.20.4&#8243; _module_preset=\u00bbdefault\u00bb global_colors_info=\u00bb{}\u00bb][et_pb_text _builder_version=\u00bb4.20.4&#8243; _module_preset=\u00bbdefault\u00bb text_font=\u00bb|800|||||||\u00bb text_font_size=\u00bb46px\u00bb positioning=\u00bbrelative\u00bb vertical_offset=\u00bb-36px\u00bb horizontal_offset=\u00bb55px\u00bb vertical_offset_tablet=\u00bb65px\u00bb vertical_offset_phone=\u00bb-16px\u00bb vertical_offset_last_edited=\u00bbon|phone\u00bb horizontal_offset_tablet=\u00bb45px\u00bb horizontal_offset_phone=\u00bb0px\u00bb horizontal_offset_last_edited=\u00bbon|tablet\u00bb text_orientation=\u00bbright\u00bb background_layout=\u00bbdark\u00bb min_height=\u00bb12.8px\u00bb custom_padding=\u00bb||7px|||\u00bb text_font_size_tablet=\u00bb38px\u00bb text_font_size_phone=\u00bb29px\u00bb text_font_size_last_edited=\u00bbon|desktop\u00bb text_orientation_tablet=\u00bbright\u00bb text_orientation_phone=\u00bbcenter\u00bb text_orientation_last_edited=\u00bbon|phone\u00bb text_text_shadow_style=\u00bbpreset5&#8243; global_colors_info=\u00bb{}\u00bb]<\/p>\n<p style=\"text-align: center;\">Investigaciones<\/p>\n<p>[\/et_pb_text][\/et_pb_column][\/et_pb_row][\/et_pb_section][et_pb_section fb_built=\u00bb1&#8243; _builder_version=\u00bb4.20.4&#8243; _module_preset=\u00bbdefault\u00bb custom_padding=\u00bb||0px|||\u00bb global_colors_info=\u00bb{}\u00bb][et_pb_row _builder_version=\u00bb4.20.4&#8243; _module_preset=\u00bbdefault\u00bb custom_padding=\u00bb||4px|||\u00bb global_colors_info=\u00bb{}\u00bb][et_pb_column type=\u00bb4_4&#8243; _builder_version=\u00bb4.20.4&#8243; _module_preset=\u00bbdefault\u00bb global_colors_info=\u00bb{}\u00bb][et_pb_text _builder_version=\u00bb4.20.4&#8243; _module_preset=\u00bbdefault\u00bb text_font=\u00bb|800|||||||\u00bb text_text_color=\u00bb#F19914&#8243; text_font_size=\u00bb26px\u00bb global_colors_info=\u00bb{}\u00bb]<\/p>\n<p style=\"text-align: center;\">L\u00edneas de Investigaci\u00f3n Centro de Investigaciones y Desarrollo Empresarial<\/p>\n<p>[\/et_pb_text][\/et_pb_column][\/et_pb_row][\/et_pb_section][et_pb_section fb_built=\u00bb1&#8243; _builder_version=\u00bb4.20.4&#8243; _module_preset=\u00bbdefault\u00bb custom_padding=\u00bb0px||0px|||\u00bb global_colors_info=\u00bb{}\u00bb][et_pb_row _builder_version=\u00bb4.20.4&#8243; _module_preset=\u00bbdefault\u00bb global_colors_info=\u00bb{}\u00bb][et_pb_column type=\u00bb4_4&#8243; _builder_version=\u00bb4.20.4&#8243; _module_preset=\u00bbdefault\u00bb global_colors_info=\u00bb{}\u00bb][et_pb_text _builder_version=\u00bb4.20.4&#8243; _module_preset=\u00bbdefault\u00bb text_font=\u00bb|600|||||||\u00bb text_font_size=\u00bb18px\u00bb global_colors_info=\u00bb{}\u00bb]<\/p>\n<p style=\"text-align: center;\">Nuestras l\u00edneas de investigaci\u00f3n han sido definidas tomando en cuenta los intereses propios de los investigadores, la pertinencia, actualidad y relevancia para la regi\u00f3n.<\/p>\n<p>[\/et_pb_text][\/et_pb_column][\/et_pb_row][\/et_pb_section][et_pb_section fb_built=\u00bb1&#8243; _builder_version=\u00bb4.20.4&#8243; _module_preset=\u00bbdefault\u00bb custom_padding=\u00bb3px|||||\u00bb global_colors_info=\u00bb{}\u00bb][et_pb_row column_structure=\u00bb1_2,1_2&#8243; _builder_version=\u00bb4.20.4&#8243; _module_preset=\u00bbdefault\u00bb global_colors_info=\u00bb{}\u00bb][et_pb_column type=\u00bb1_2&#8243; _builder_version=\u00bb4.20.4&#8243; _module_preset=\u00bbdefault\u00bb global_colors_info=\u00bb{}\u00bb][et_pb_text _builder_version=\u00bb4.20.4&#8243; _module_preset=\u00bbdefault\u00bb header_font=\u00bb|800|||||||\u00bb header_2_font=\u00bb|800|||||||\u00bb header_2_text_color=\u00bb#F19914&#8243; global_colors_info=\u00bb{}\u00bb]<\/p>\n<h2 style=\"text-align: center;\">Sector privado<\/h2>\n<p>[\/et_pb_text][dnxte_mega_image_effect dnxtiep_image=\u00bbhttps:\/\/www.facesulavirtual.org\/cide\/wp-content\/uploads\/2023\/04\/administracion.webp\u00bb dnxtiep_description=\u00bb<\/p>\n<ul>\n<li>\n<p class=%22et_pb_module_header%22><span>Historia y Pensamiento Administrativo<\/span><\/p>\n<\/li>\n<li>\n<p class=%22et_pb_module_header%22><span>Gerencia y Din\u00e1mica Empresarial<\/span><\/p>\n<\/li>\n<li>\n<p class=%22et_pb_module_header%22><span>Emprendimiento y Desarrollo Empresarial<\/span><\/p>\n<\/li>\n<li>\n<p class=%22et_pb_module_header%22><span>Marketing y Responsabilidad Social Organizacional<\/span><\/p>\n<\/li>\n<li>\n<p class=%22et_pb_module_header%22><span>Finanzas y Legislaci\u00f3n Organizacional<\/span><\/p>\n<\/li>\n<li>\n<p class=%22et_pb_module_header%22><span>M\u00e9todos Cuantitativos para los Negocios<\/span><\/p>\n<\/li>\n<\/ul>\n<p><a href=%22https:\/\/www.facesulavirtual.org\/cide\/lineas-de-investigacion\/%22>M\u00e1s informaci\u00f3n<\/a><\/p>\n<p>\u00bb dnxtiep_image_hover_effect=\u00bbslide-left\u00bb dnxtiep_hover_bg_show_hide=\u00bbon\u00bb dnxtiep_hover_bg=\u00bb#811212&#8243; _builder_version=\u00bb4.20.4&#8243; _module_preset=\u00bbdefault\u00bb hover_text_fonts_font=\u00bb|700|||||||\u00bb hover_text_fonts_text_align=\u00bbcenter\u00bb hover_text_fonts_text_color=\u00bb#000000&#8243; dnxtiep_body_text_color=\u00bb#FFFFFF\u00bb dnxtiep_body_font_size=\u00bb17px\u00bb dnxtiep_btn_text_text_color=\u00bbRGBA(255,255,255,0)\u00bb border_width_all=\u00bb0px\u00bb box_shadow_style=\u00bbpreset1&#8243; global_colors_info=\u00bb{}\u00bb][\/dnxte_mega_image_effect][\/et_pb_column][et_pb_column type=\u00bb1_2&#8243; _builder_version=\u00bb4.20.4&#8243; _module_preset=\u00bbdefault\u00bb global_colors_info=\u00bb{}\u00bb][et_pb_text _builder_version=\u00bb4.20.4&#8243; _module_preset=\u00bbdefault\u00bb header_2_font=\u00bb|800|||||||\u00bb header_2_text_color=\u00bb#F19914&#8243; global_colors_info=\u00bb{}\u00bb]<\/p>\n<h2 style=\"text-align: center;\">Sector p\u00fablico<\/h2>\n<p>[\/et_pb_text][dnxte_mega_image_effect dnxtiep_image=\u00bbhttps:\/\/www.facesulavirtual.org\/cide\/wp-content\/uploads\/2023\/04\/finanzas-publicas.png\u00bb dnxtiep_description=\u00bb<\/p>\n<ul>\n<li>\n<p class=%22et_pb_module_header%22><span>Instituciones y Pol\u00edticas P\u00fablicas<\/span><\/p>\n<\/li>\n<li>\n<p><span>Gobernanza, Gobernabilidad y Gobierno Abierto<\/span><\/p>\n<\/li>\n<li>\n<p><span>Nuevas Tendencias en la Administraci\u00f3n de Organizaciones del Estado<\/span><\/p>\n<\/li>\n<li>\n<p class=%22et_pb_module_header%22><span>Finanzas, Planificaci\u00f3n y Presupuesto P\u00fablico<\/span><\/p>\n<\/li>\n<li>\n<p class=%22et_pb_module_header%22><span>Gerencia P\u00fablica y Administraci\u00f3n Activa<\/span><\/p>\n<\/li>\n<li>\n<p class=%22et_pb_module_header%22><span>Control de la Gesti\u00f3n<\/span><\/p>\n<\/li>\n<\/ul>\n<p><a href=%22https:\/\/www.facesulavirtual.org\/cide\/lineas-de-investigacion-2\/%22>M\u00e1s informaci\u00f3n<\/a><\/p>\n<p>\u00bb dnxtiep_image_hover_effect=\u00bbpush-right\u00bb dnxtiep_hover_bg_show_hide=\u00bbon\u00bb dnxtiep_hover_bg=\u00bb#811212&#8243; _builder_version=\u00bb4.20.4&#8243; _module_preset=\u00bbdefault\u00bb hover_text_fonts_font=\u00bb|700|||||||\u00bb hover_text_fonts_text_align=\u00bbcenter\u00bb hover_text_fonts_text_color=\u00bb#000000&#8243; dnxtiep_body_text_color=\u00bb#FFFFFF\u00bb box_shadow_style=\u00bbpreset1&#8243; global_colors_info=\u00bb{}\u00bb][\/dnxte_mega_image_effect][\/et_pb_column][\/et_pb_row][et_pb_row _builder_version=\u00bb4.20.4&#8243; _module_preset=\u00bbdefault\u00bb custom_padding=\u00bb13px|||||\u00bb global_colors_info=\u00bb{}\u00bb][et_pb_column type=\u00bb4_4&#8243; _builder_version=\u00bb4.20.4&#8243; _module_preset=\u00bbdefault\u00bb global_colors_info=\u00bb{}\u00bb][et_pb_text _builder_version=\u00bb4.20.4&#8243; _module_preset=\u00bbdefault\u00bb text_font=\u00bb|700|||||||\u00bb text_text_color=\u00bb#878787&#8243; text_font_size=\u00bb22px\u00bb global_colors_info=\u00bb{}\u00bb]<\/p>\n<p style=\"text-align: center;\"><span>En esta secci\u00f3n podr\u00e1n consultar y descargar todos los trabajos de grado de las especializaciones y maestr\u00eda que se han desarrollado en el CIDE<\/span><\/p>\n<p>[\/et_pb_text][\/et_pb_column][\/et_pb_row][et_pb_row _builder_version=\u00bb4.20.4&#8243; _module_preset=\u00bbdefault\u00bb global_colors_info=\u00bb{}\u00bb][et_pb_column type=\u00bb4_4&#8243; _builder_version=\u00bb4.20.4&#8243; _module_preset=\u00bbdefault\u00bb global_colors_info=\u00bb{}\u00bb][et_pb_accordion open_toggle_text_color=\u00bb#811212&#8243; disabled_on=\u00bboff|off|off\u00bb _builder_version=\u00bb4.21.0&#8243; _module_preset=\u00bbdefault\u00bb toggle_text_color=\u00bb#811212&#8243; toggle_font=\u00bb|800|||||||\u00bb toggle_font_size=\u00bb20px\u00bb hover_enabled=\u00bb0&#8243; global_colors_info=\u00bb{}\u00bb sticky_enabled=\u00bb0&#8243;][et_pb_accordion_item open=\u00bbon\u00bb icon_color=\u00bbRGBA(255,255,255,0)\u00bb _builder_version=\u00bb4.20.4&#8243; _module_preset=\u00bbdefault\u00bb custom_css_main_element=\u00bbdisplay:none\u00bb global_colors_info=\u00bb{}\u00bb][\/et_pb_accordion_item][et_pb_accordion_item title=\u00bbAdministraci\u00f3n Menci\u00f3n Gerencia \u00bb open_toggle_text_color=\u00bb#811212&#8243; closed_toggle_text_color=\u00bb#811212&#8243; _builder_version=\u00bb4.20.4&#8243; _module_preset=\u00bbdefault\u00bb global_colors_info=\u00bb{}\u00bb toggle_text_color=\u00bb#811212&#8243; open=\u00bboff\u00bb]<\/p>\n\n<table id=\"tablepress-2\" class=\"tablepress tablepress-id-2\">\n<thead>\n<tr class=\"row-1\">\n\t<th class=\"column-1\">N\u00ba<\/th><th class=\"column-2\">T\u00edtulo <\/th><th class=\"column-3\">Autor<\/th>\n<\/tr>\n<\/thead>\n<tbody class=\"row-striping row-hover\">\n<tr class=\"row-2\">\n\t<td class=\"column-1\">01<\/td><td class=\"column-2\"><a href=\"https:\/\/drive.google.com\/file\/d\/11ZBo7tTlreOe9KMySkL2007TI0bAatKt\/view?usp=share_link\">Gesti\u00f3n de socializaci\u00f3n organizacional en los docentes de las universidades polit\u00e9cnicas territoriales del estado T\u00e1chira<\/a><\/td><td class=\"column-3\">Abg. Olcris Zuleiny Mogoll\u00f3n Calder\u00f3n<\/td>\n<\/tr>\n<tr class=\"row-3\">\n\t<td class=\"column-1\">02<\/td><td class=\"column-2\"><a href=\"https:\/\/drive.google.com\/file\/d\/11WSsHZPzSNYC-GbACWyAXZXlXP_MgNKe\/view?usp=share_link\">Gesti\u00f3n de la innovaci\u00f3n en unidades de investigaci\u00f3n de la universidad de los andes, periodo 2017-2019<\/a><\/td><td class=\"column-3\">Ing. Mar\u00eda Daniela Urriola Torres<\/td>\n<\/tr>\n<tr class=\"row-4\">\n\t<td class=\"column-1\">03<\/td><td class=\"column-2\"><a href=\"https:\/\/drive.google.com\/file\/d\/1sSKiFpw6Sig4MlTQwY65qK1A5HG0XIhW\/view?usp=share_link\">Gesti\u00f3n socialmente responsable en las universidades p\u00fablicas de la zona metropolitana del estado M\u00e9rida<\/a><\/td><td class=\"column-3\">Lcda. Marbella del Valle Contreras Oviedo<\/td>\n<\/tr>\n<tr class=\"row-5\">\n\t<td class=\"column-1\">04<\/td><td class=\"column-2\"><a href=\"https:\/\/drive.google.com\/file\/d\/19GBwUHtGusglf4gudlODzzv-xSNNg5qQ\/view?usp=share_link\">Estrategias de capacitaci\u00f3n para el fomento de la productividad en mujeres desde la perspectiva del desarrollo econ\u00f3mico local<\/a><\/td><td class=\"column-3\">C.P. Zunilde Boh\u00f3rquez Pe\u00f1aranda.<\/td>\n<\/tr>\n<tr class=\"row-6\">\n\t<td class=\"column-1\">05<\/td><td class=\"column-2\"><a href=\"https:\/\/drive.google.com\/file\/d\/11aAdVqQgLZPO5vQCKqXCBboz5EqySpDK\/view?usp=share_link\">An\u00e1lisis de las estrategias de marketing de los institutos de ingl\u00e9s en la ciudad de C\u00facuta, norte de Santander, Colombia<\/a><\/td><td class=\"column-3\">C.P. Alix V. Urbina Guti\u00e9rrez<\/td>\n<\/tr>\n<tr class=\"row-7\">\n\t<td class=\"column-1\">06<\/td><td class=\"column-2\"><a href=\"https:\/\/drive.google.com\/file\/d\/14tRwmm6B0zU29ObSx-hwut8wkDuwUE8k\/view?usp=share_link\">Cultura y vocaci\u00f3n de servicio: atenci\u00f3n al p\u00fablico en Venezuela<\/a><\/td><td class=\"column-3\">Esp. Jorge Arbey Valencia Ospina<\/td>\n<\/tr>\n<tr class=\"row-8\">\n\t<td class=\"column-1\">07<\/td><td class=\"column-2\"><a href=\"https:\/\/drive.google.com\/file\/d\/1teshx5tVoA3R2zxiwFtoou0o-b-5FkyT\/view?usp=share_link\">La sucesi\u00f3n del poder en las empresas familiares del sector automotriz del municipio Libertador, Estado M\u00e9rida.<\/a><\/td><td class=\"column-3\">Liliana Janeth Pamplona Usme<\/td>\n<\/tr>\n<tr class=\"row-9\">\n\t<td class=\"column-1\">08<\/td><td class=\"column-2\"><a href=\"https:\/\/drive.google.com\/file\/d\/1bw4Ps4cbMEDxlGUB9Nf6nCsHH-KFH6HK\/view?usp=share_link\">Gesti\u00f3n de la calidad del servicio de las empresas hoteleras de C\u00facuta, norte de Santander, Colombia<\/a><\/td><td class=\"column-3\">Econ. Alexander Valero<\/td>\n<\/tr>\n<tr class=\"row-10\">\n\t<td class=\"column-1\">09<\/td><td class=\"column-2\"><a href=\"https:\/\/drive.google.com\/file\/d\/1lVTyL5hLWp1psAV4mbdW1S5zo8EpaIuh\/view?usp=share_link\">Propuesta de formaci\u00f3n gerencial para la creaci\u00f3n y sostenibilidad de empresas de calzado en la ciudad de san Jos\u00e9 de C\u00facuta<\/a><\/td><td class=\"column-3\">Alicia C\u00f3rdoba Delgado.<\/td>\n<\/tr>\n<tr class=\"row-11\">\n\t<td class=\"column-1\">10<\/td><td class=\"column-2\"><a href=\"https:\/\/drive.google.com\/file\/d\/1o2qE7QklhjzLq7y2_pXjsMCC6FLZP5q2\/view?usp=share_link\">Incidencia del control cambiario en los costos de producci\u00f3n de las empresas del sector textil de San Crist\u00f3bal, estado T\u00e1chira<\/a><\/td><td class=\"column-3\">Yamal\u00ed Camero<\/td>\n<\/tr>\n<tr class=\"row-12\">\n\t<td class=\"column-1\">11<\/td><td class=\"column-2\"><a href=\"https:\/\/drive.google.com\/file\/d\/182IslGwS9CrljeozUOb5pL-7jwArC9j0\/view?usp=share_link\">Planeaci\u00f3n estrat\u00e9gica de las empresas comercializadores de textiles: C\u00facuta, norte de Santander, Colombia<\/a><\/td><td class=\"column-3\">Econ. Anderson Archila<\/td>\n<\/tr>\n<tr class=\"row-13\">\n\t<td class=\"column-1\">12<\/td><td class=\"column-2\"><a href=\"https:\/\/drive.google.com\/file\/d\/1AEaLbR2JM5gjwO_YYlTFCT4hpPNVQvf5\/view?usp=share_link\">Actitudes del empleador y condici\u00f3n laboral del sordo en empresas privadas del municipio Libertador  del Estado M\u00e9rida <\/a><\/td><td class=\"column-3\">Lcdo. Yairhomer Albornoz<\/td>\n<\/tr>\n<tr class=\"row-14\">\n\t<td class=\"column-1\">13<\/td><td class=\"column-2\"><a href=\"https:\/\/drive.google.com\/file\/d\/1q75QJ8j0NL4Hyp3V0mV8WtfLvAYCz3vD\/view?usp=share_link\">Sistema de valores por competencia para la gesti\u00f3n del talento humano en los supermercados de la ciudad de M\u00e9rida.<\/a><\/td><td class=\"column-3\">Mayra Marquina<\/td>\n<\/tr>\n<tr class=\"row-15\">\n\t<td class=\"column-1\">14<\/td><td class=\"column-2\"><a href=\"https:\/\/drive.google.com\/file\/d\/1gzWkcWbf5avSWYAxVJ9m8dDJosbUjiJi\/view?usp=share_link\"> Influencia de la psicolog\u00eda positiva  en el comportamiento gerencial  en las Facultades de la Universidad de los Andes<\/a><\/td><td class=\"column-3\"> Adriana Duque<\/td>\n<\/tr>\n<tr class=\"row-16\">\n\t<td class=\"column-1\">15<\/td><td class=\"column-2\"><a href=\"https:\/\/drive.google.com\/file\/d\/1eTwMjVsZV7o5WBy1-rqqfeGJzUvM6zth\/view?usp=share_link\">Gesti\u00f3n de responsabilidad social empresarial de las peque\u00f1as y medianas industrias del sector manufacturero del Municipio Libertador del Estado M\u00e9rida<\/a><\/td><td class=\"column-3\">Naryoly Barrios<\/td>\n<\/tr>\n<tr class=\"row-17\">\n\t<td class=\"column-1\">16<\/td><td class=\"column-2\"><a href=\"https:\/\/drive.google.com\/file\/d\/1uKySUPP6D6K8QTdJaTjVco4djAYrwSub\/view?usp=share_link\"> Programa de responsabilidad social empresarial para PyMIs fabricantes de materiales de construcci\u00f3n en el estado Trujillo<\/a><\/td><td class=\"column-3\">Lcda. Amarilis Torres.<\/td>\n<\/tr>\n<tr class=\"row-18\">\n\t<td class=\"column-1\">17<\/td><td class=\"column-2\"><a href=\"https:\/\/drive.google.com\/file\/d\/15zxGR-1zhVCRSNj_dOeLKQKVgIKUhSXD\/view?usp=share_link\">Influencia de los factores  gerenciales en el clima organizacional de la universidad nacional experimental de la Fuerza Armada Bolivariana (UNEFA-T\u00e1chira)<\/a><\/td><td class=\"column-3\">Lcdo. Erik S\u00e1nchez<\/td>\n<\/tr>\n<tr class=\"row-19\">\n\t<td class=\"column-1\">18<\/td><td class=\"column-2\"><a href=\"https:\/\/drive.google.com\/file\/d\/1pGDjBj4Lz_5mqMYnNbVtG6O0zUFl4W_u\/view?usp=share_link\">Auditoria de personal para el sistema p\u00fablico de salud del estado Trujillo - Venezuela<\/a><\/td><td class=\"column-3\">Lcda. Elizabeth Manzanilla<\/td>\n<\/tr>\n<tr class=\"row-20\">\n\t<td class=\"column-1\">19<\/td><td class=\"column-2\"><a href=\"https:\/\/drive.google.com\/file\/d\/1bvN7uwc7_bIlA8B2MdacfgOopBmPaoyd\/view?usp=share_link\">Factores de \u00e9xito y fracaso de las microempresas  del municipio Torbes del Estado T\u00e1chira<\/a><\/td><td class=\"column-3\">Jos\u00e9 Alfredo Sequeda M.<\/td>\n<\/tr>\n<tr class=\"row-21\">\n\t<td class=\"column-1\">20<\/td><td class=\"column-2\"><a href=\"https:\/\/drive.google.com\/file\/d\/13SKYDGAeETFZtoI8nP1EIc1maRi8gRVn\/view?usp=share_link\"> Estrategias dirigidas a los factores que inciden en la productividad de las empresas de tuber\u00eda pl\u00e1stica del Estado T\u00e1chira<\/a><\/td><td class=\"column-3\">Ing. Omar Alexis P\u00e9rez Carrero.<\/td>\n<\/tr>\n<tr class=\"row-22\">\n\t<td class=\"column-1\">21<\/td><td class=\"column-2\"><a href=\"https:\/\/drive.google.com\/file\/d\/1Xumy3l2BgylBaFlKfa3uCVnXGkWRDl6i\/view?usp=share_link\">Selecci\u00f3n de criterios del Balanced Scorecard como sistema de gesti\u00f3n  gerencial<\/a><\/td><td class=\"column-3\">Ing. Omar F. D\u00e1vila Silva<\/td>\n<\/tr>\n<tr class=\"row-23\">\n\t<td class=\"column-1\">22<\/td><td class=\"column-2\"><a href=\"https:\/\/drive.google.com\/file\/d\/1sKCb5WAZeIJe6_ms9rjZj3Ba6iJNQ3XP\/view?usp=drive_link\"> Gesti\u00f3n de las funciones universitarias en las universidades polit\u00e9cnica y los andes \u00e1rea metropolitana de M\u00e9rida -<\/a><\/td><td class=\"column-3\">Lic. Silvia Gonz\u00e1lez<\/td>\n<\/tr>\n<tr class=\"row-24\">\n\t<td class=\"column-1\">23<\/td><td class=\"column-2\"><a href=\"https:\/\/drive.google.com\/file\/d\/1S48h5qcFTEZ2JpUCz-XoBzRb9gclv7xJ\/view?usp=drive_link\"> Estrategias de marketing para organizaciones p\u00fablicas de investigaci\u00f3n, desarrollo e innovaci\u00f3n en un nuevo modelo de comercializaci\u00f3n tecnol\u00f3gica, municipio Libertador, estado M\u00e9rida -<\/a><\/td><td class=\"column-3\">Ing. Gerson Abdiel Vera Morales<\/td>\n<\/tr>\n<tr class=\"row-25\">\n\t<td class=\"column-1\">24<\/td><td class=\"column-2\"><a href=\"https:\/\/drive.google.com\/file\/d\/10M1NHFyAMioCw5-ojAfbn8p_hnSh-f0K\/view?usp=drive_link\"> Gesti\u00f3n del cambio planeado y competitividad en la industria del software. Una mirada a las empresas de software del eje metropolitano del estado M\u00e9rida-<\/a><\/td><td class=\"column-3\">Ing. Marilexci Carrillo Valero<\/td>\n<\/tr>\n<tr class=\"row-26\">\n\t<td class=\"column-1\">25<\/td><td class=\"column-2\"><a href=\"https:\/\/drive.google.com\/file\/d\/1IuGZmsYn1qI0mURXH4L8mkdRnp50HeUY\/view?usp=drive_link\"> Factores que inciden en el proceso de innovaci\u00f3n de las empresas de software en la ciudad de M\u00e9rida-<\/a><\/td><td class=\"column-3\">Ing.  Wandha Alejandra Andrade Ochoa<\/td>\n<\/tr>\n<tr class=\"row-27\">\n\t<td class=\"column-1\">26<\/td><td class=\"column-2\"><a href=\"https:\/\/drive.google.com\/file\/d\/1FIFNkqpRkOfaUwVBJ6RMEJMmHPxUgw9L\/view?usp=drive_link\"> Salario emocional, como factor motivacional para el Talento Humano de las Universidades Polit\u00e9cnicas y Aut\u00f3nomas. Per\u00edodo 2019 - 2022-<\/a><\/td><td class=\"column-3\">Lic. Yazm\u00edn Carmona<\/td>\n<\/tr>\n<tr class=\"row-28\">\n\t<td class=\"column-1\">27<\/td><td class=\"column-2\"><a href=\"https:\/\/drive.google.com\/file\/d\/18utOVillSLPCrGMRSiP6E-lNUQF9LeAu\/view?usp=drive_link\"> Relaci\u00f3n entre el discurso gerencial y los estilos de liderazgo en la direcci\u00f3n de ingenier\u00eda y mantenimiento de la Universidad de Los Andes, con el desempe\u00f1o laboral-<\/a><\/td><td class=\"column-3\">Ing. Pedro Jos\u00e9 Rangel Puentes<\/td>\n<\/tr>\n<tr class=\"row-29\">\n\t<td class=\"column-1\">28<\/td><td class=\"column-2\"><a href=\"https:\/\/drive.google.com\/file\/d\/1ZlJwObjmIXi2QwVBvGi2zX8urXbiz0Vo\/view?usp=drive_link\"> Plan integrado de comunicaci\u00f3n promocional para posicionar los productos fitoterap\u00e9uticos en farmacias independientes del estado M\u00e9rida 2023<\/a><\/td><td class=\"column-3\">Farm. Carlos Eduardo Flores Marcano<\/td>\n<\/tr>\n<tr class=\"row-30\">\n\t<td class=\"column-1\">29<\/td><td class=\"column-2\"><a href=\"https:\/\/drive.google.com\/file\/d\/1jrtd-cJv_lT_st9aAvlUAQxKqIxpIglK\/view?usp=drive_link\"> Estrategias de social media marketing en el sector gastron\u00f3mico del estado M\u00e9rida. <\/a><\/td><td class=\"column-3\">Ing. Nelson Morales Valderrama.<\/td>\n<\/tr>\n<tr class=\"row-31\">\n\t<td class=\"column-1\">30<\/td><td class=\"column-2\"><a href=\"https:\/\/drive.google.com\/file\/d\/1rUz-sXbTazSHhG-RN_qtZp-WE21sJBY1\/view?usp=drive_link\"> Deportes electr\u00f3nicos como modelo de negocios en el contexto del Municipio Libertador del estado M\u00e9rida. <\/a><\/td><td class=\"column-3\">Ing. Gustavo Enrique Brice\u00f1o Fischer.<\/td>\n<\/tr>\n<tr class=\"row-32\">\n\t<td class=\"column-1\">31<\/td><td class=\"column-2\"><a href=\"https:\/\/drive.google.com\/file\/d\/15g9gDnRYbjzzrWWCjy76UjWpTTPa4UVz\/view?usp=drive_link\"> Estrategias de econom\u00eda circular para el mejoramiento de los procesos en las empresas de comida r\u00e1pida, San Francisco, Zulia. <\/a><\/td><td class=\"column-3\">Lic. Gerardo Manuel Cubill\u00e1n Gudi\u00f1o.<\/td>\n<\/tr>\n<\/tbody>\n<\/table>\n<!-- #tablepress-2 from cache -->\n<p>[\/et_pb_accordion_item][et_pb_accordion_item title=\u00bbAdministraci\u00f3n Menci\u00f3n Finanzas\u00bb open_toggle_text_color=\u00bb#F19914&#8243; closed_toggle_text_color=\u00bb#F19914&#8243; _builder_version=\u00bb4.21.0&#8243; _module_preset=\u00bbdefault\u00bb hover_enabled=\u00bb0&#8243; global_colors_info=\u00bb{}\u00bb toggle_text_color=\u00bb#F19914&#8243; open=\u00bboff\u00bb sticky_enabled=\u00bb0&#8243;]<\/p>\n\n<table id=\"tablepress-3\" class=\"tablepress tablepress-id-3\">\n<thead>\n<tr class=\"row-1\">\n\t<th class=\"column-1\">N\u00ba<\/th><th class=\"column-2\">T\u00edtulo<\/th><th class=\"column-3\">Autor<\/th>\n<\/tr>\n<\/thead>\n<tbody class=\"row-striping row-hover\">\n<tr class=\"row-2\">\n\t<td class=\"column-1\">01<\/td><td class=\"column-2\"><a href=\"https:\/\/drive.google.com\/file\/d\/1IVIDB_h2Hm518Va-NAHCo-AsjtR9YGqR\/view?usp=share_link\">El emprendimiento y su accesibilidad al microcr\u00e9dito en el municipio Libertador de M\u00e9rida, Venezuela.<\/a><\/td><td class=\"column-3\">Tarik Omar Souky Bracho<\/td>\n<\/tr>\n<tr class=\"row-3\">\n\t<td class=\"column-1\">02<\/td><td class=\"column-2\"><a href=\"https:\/\/drive.google.com\/file\/d\/1z0bmdyZbT9-6skI4mRmwYhRwaYa-6WgT\/view?usp=share_link\">Modelo de valoraci\u00f3n flujo de caja libre empleando el costo promedio ponderado de capital vs. el modelo valor presente ajustado, en el grupo de empresas faang (Facebook, Apple, Amazon, Netflix y Google).<\/a><\/td><td class=\"column-3\">Econ. Omar Ruiz<\/td>\n<\/tr>\n<tr class=\"row-4\">\n\t<td class=\"column-1\">03<\/td><td class=\"column-2\"><a href=\"https:\/\/drive.google.com\/file\/d\/1S-W6NLFtI4JYpogxeo8wjJrC65MmGI7B\/view?usp=share_link\">Fuentes de financiamiento para las posadas del casco central de la ciudad de M\u00e9rida, Venezuela<\/a><\/td><td class=\"column-3\">Andrea Vanessa Araque Gonz\u00e1lez<\/td>\n<\/tr>\n<tr class=\"row-5\">\n\t<td class=\"column-1\">04<\/td><td class=\"column-2\"><a href=\"https:\/\/drive.google.com\/file\/d\/1edsNZhAtO_bWDRJS-yYEtscob3AgkOcs\/view?usp=share_link\">Factores preponderantes de la formaci\u00f3n en finanzas personales para estudiantes de la Universidad de los Andes.<\/a><\/td><td class=\"column-3\">Lic. Alibeth Abreu de Le\u00f3n<\/td>\n<\/tr>\n<tr class=\"row-6\">\n\t<td class=\"column-1\">05<\/td><td class=\"column-2\"><a href=\"https:\/\/drive.google.com\/file\/d\/1dO0vdNCOygFwMVLl5XB02yJIKCA1XOZu\/view?usp=share_link\">Costo de capital de la estructura de financiamiento en las caba\u00f1as tur\u00edsticas.<\/a><\/td><td class=\"column-3\">Ghelly Ram\u00edrez<\/td>\n<\/tr>\n<tr class=\"row-7\">\n\t<td class=\"column-1\">06<\/td><td class=\"column-2\"><a href=\"https:\/\/drive.google.com\/file\/d\/1ft1wfxIF6o1N6IExABWcPKpuzs81YQVi\/view?usp=drive_link\">Efecto de la fijaci\u00f3n de precios en la rentabilidad de las empresas ferreteras del municipio Campo El\u00edas del Estado M\u00e9rida, Venezuela, en el marco de la Ley Org\u00e1nica de Precios Justos.<\/a><\/td><td class=\"column-3\">Lic. Juan Carlos Garc\u00eda Contreras<\/td>\n<\/tr>\n<tr class=\"row-8\">\n\t<td class=\"column-1\">07<\/td><td class=\"column-2\"><a href=\"https:\/\/drive.google.com\/file\/d\/1s9fd4Iz9oPV7btKdUp_DjsI5_OSFyMF6\/view?usp=drive_link\">La microempresa comercial ante los pagos electr\u00f3nicos en el municipio Libertador del estado M\u00e9rida. <\/a><\/td><td class=\"column-3\">Maykool Jos\u00e9 Pe\u00f1a Monz\u00f3n<\/td>\n<\/tr>\n<tr class=\"row-9\">\n\t<td class=\"column-1\">08<\/td><td class=\"column-2\"><a href=\"https:\/\/drive.google.com\/file\/d\/1u4vljhPN9pJrh_krp7Dnc3XPwpS-zjnX\/view?usp=drive_link\">Valoraci\u00f3n financiera de laboratorios cl\u00ednicos en la ciudad de M\u00e9rida - Venezuela desde la perspectiva del flujo de caja descontado.<\/a><\/td><td class=\"column-3\">Lic. Enrique Torres<\/td>\n<\/tr>\n<tr class=\"row-10\">\n\t<td class=\"column-1\">09<\/td><td class=\"column-2\"><a href=\"https:\/\/drive.google.com\/file\/d\/1r3uD65uy3xz3xgM7RDyIKaR-oekp_7sX\/view?usp=drive_link\">Plan de inversi\u00f3n para las organizaciones y patrocinantes del turismo deportivo en el estado M\u00e9rida, Venezuela.<\/a><\/td><td class=\"column-3\">Lic. Jorge Alejandro Merch\u00e1n Villalobos<\/td>\n<\/tr>\n<tr class=\"row-11\">\n\t<td class=\"column-1\">10<\/td><td class=\"column-2\"><a href=\"https:\/\/drive.google.com\/file\/d\/1D1PWICpLhNE5qnq6XHtDG5L7JkSNQB6j\/view?usp=drive_link\">Esquema de financiamiento para productores de caf\u00e9. Experiencia en el Municipio \"Antonio Pinto Salinas\", M\u00e9rida - Venezuela<\/a><\/td><td class=\"column-3\">Ing. Marlyn Andreina Labrador Quintero.<\/td>\n<\/tr>\n<\/tbody>\n<\/table>\n<!-- #tablepress-3 from cache -->\n<p>[\/et_pb_accordion_item][et_pb_accordion_item title=\u00bbEspecializaci\u00f3n en Talento Humano\u00bb open_toggle_text_color=\u00bb#ba00b3&#8243; closed_toggle_text_color=\u00bb#ba00b3&#8243; _builder_version=\u00bb4.21.0&#8243; _module_preset=\u00bbdefault\u00bb global_colors_info=\u00bb{}\u00bb toggle_text_color=\u00bb#ba00b3&#8243; open=\u00bboff\u00bb]<\/p>\n\n<table id=\"tablepress-6\" class=\"tablepress tablepress-id-6\">\n<thead>\n<tr class=\"row-1\">\n\t<th class=\"column-1\">N\u00ba<\/th><th class=\"column-2\">T\u00edtulo <\/th><th class=\"column-3\">Autor<\/th>\n<\/tr>\n<\/thead>\n<tbody class=\"row-striping row-hover\">\n<tr class=\"row-2\">\n\t<td class=\"column-1\">01 <\/td><td class=\"column-2\"> <a href=\"https:\/\/drive.google.com\/file\/d\/1H0Pivt-0DpXwcalzm9V8QPY5g-bce06-\/view?usp=drive_link\">Indicadores de gesti\u00f3n para la evaluaci\u00f3n del impacto en el desempe\u00f1o laboral por la capacitaci\u00f3n del Talento Humano. Caso: Trabajadores del Banco Occidental de Descuento. Sede C.C. Viaducto M\u00e9rida   <\/a><\/td><td class=\"column-3\">Econ. JhoJhanz Amilkar Araque P.<\/td>\n<\/tr>\n<tr class=\"row-3\">\n\t<td class=\"column-1\">02<\/td><td class=\"column-2\"><a href=\"https:\/\/drive.google.com\/file\/d\/1qDOk8vAnsIhXIvfDaJlLMT8N7hI1uE0D\/view?usp=drive_link\">Modelo de selecci\u00f3n del Talento Humano basado en las competencias laborales M\u00e9rida - Venezuela<\/a><\/td><td class=\"column-3\">Lic. William Alberto Carmona Hidalgo<\/td>\n<\/tr>\n<tr class=\"row-4\">\n\t<td class=\"column-1\">03<\/td><td class=\"column-2\"><a href=\"https:\/\/drive.google.com\/file\/d\/1hg0UBpVuHTjqvfwZcL8Q6MHlDhV62a2T\/view?usp=drive_link\">Plan de gesti\u00f3n de cambio para fomentar el liderazgo transformacional en la empresa CONLAC, C.A<\/a><\/td><td class=\"column-3\">Licda. Yohana C. Contreras Q.<\/td>\n<\/tr>\n<tr class=\"row-5\">\n\t<td class=\"column-1\">04<\/td><td class=\"column-2\"><a href=\"https:\/\/drive.google.com\/file\/d\/1hipwUNjbDqJw4j59pqgl4o9z0l5honiE\/view?usp=drive_link\">\u00c9tica profesional en la prestaci\u00f3n de servicios de salud: un estudio al personal asistencial en la Cruz Roja seccional M\u00e9rida - Venezuela<\/a><\/td><td class=\"column-3\">Licda. Ana Z. Marquina R.<\/td>\n<\/tr>\n<tr class=\"row-6\">\n\t<td class=\"column-1\">05<\/td><td class=\"column-2\"><a href=\"https:\/\/drive.google.com\/file\/d\/1AjXL4GY8KbU6GnPBA7nNXwn56mmtVATZ\/view?usp=drive_link\">Plan estrat\u00e9gico de identidad corporativa y compromiso laboral. Caso: Empresa Inversiones Santro Ni\u00f1o, C.A<\/a><\/td><td class=\"column-3\">Licda. Claudimar Del C. Pe\u00f1a Portillo.<\/td>\n<\/tr>\n<tr class=\"row-7\">\n\t<td class=\"column-1\">06<\/td><td class=\"column-2\"><a href=\"https:\/\/drive.google.com\/file\/d\/12mLQpMs_w4jP4q2Jvxas2dOFaLaW0ZNN\/view?usp=drive_link\">Plan de capacitaci\u00f3n en buenas pr\u00e1cticas de manufactura para la promoci\u00f3n del compromiso y la confianza. Caso: empresa PROBIOTIC C.A<\/a><\/td><td class=\"column-3\">Licda. Andreina Hern\u00e1ndez.<\/td>\n<\/tr>\n<tr class=\"row-8\">\n\t<td class=\"column-1\">07<\/td><td class=\"column-2\"><a href=\"https:\/\/drive.google.com\/file\/d\/1IGDgEegdHB_NE_7BP_5P6ynmkQxBgEvp\/view?usp=drive_link\">Planificaci\u00f3n estrat\u00e9gica fundamentada en la comunicaci\u00f3n interna en la direcci\u00f3n de asuntos profesorales de la Universidad de los Andes<\/a><\/td><td class=\"column-3\">Licda. Mar\u00eda Monsalve.<\/td>\n<\/tr>\n<tr class=\"row-9\">\n\t<td class=\"column-1\">08<\/td><td class=\"column-2\"><a href=\"https:\/\/drive.google.com\/file\/d\/15XMjmOpBIVshI2KPbTa_VDJuWh_iV26t\/view?usp=drive_link\">Estrat\u00e9gias para fortalecer el sentido de pertenencia y la gesti\u00f3n del talento humano como factor clave de la gesti\u00f3n p\u00fablica. Caso: fundaci\u00f3n Centro Nacional de Desarrollo e Investigaci\u00f3n en Tecnolog\u00edas Libres (CENDITEL)<\/a><\/td><td class=\"column-3\">Licda. Tayany Zerpa Prieto.<\/td>\n<\/tr>\n<\/tbody>\n<\/table>\n<!-- #tablepress-6 from cache -->\n<p>[\/et_pb_accordion_item][et_pb_accordion_item title=\u00bbEspecializaci\u00f3n Gerencia de Mercadeo\u00bb open_toggle_text_color=\u00bb#0C71C3&#8243; closed_toggle_text_color=\u00bb#0C71C3&#8243; _builder_version=\u00bb4.20.4&#8243; _module_preset=\u00bbdefault\u00bb global_colors_info=\u00bb{}\u00bb toggle_text_color=\u00bb#0C71C3&#8243; open=\u00bboff\u00bb]<\/p>\n\n<table id=\"tablepress-1\" class=\"tablepress tablepress-id-1\">\n<thead>\n<tr class=\"row-1\">\n\t<th class=\"column-1\">N\u00ba<\/th><th class=\"column-2\">T\u00edtulo <\/th><th class=\"column-3\">Autor<\/th>\n<\/tr>\n<\/thead>\n<tbody class=\"row-striping row-hover\">\n<tr class=\"row-2\">\n\t<td class=\"column-1\">01 <\/td><td class=\"column-2\"> <a href=\"https:\/\/drive.google.com\/file\/d\/1usJBaXeGcgJtToZGzLhOrtWIYDMSsprP\/view?usp=share_link\">La responsabilidad social empresarial interna para la construcci\u00f3n de la imagen corporativa en las empresas privadas prestadoras de servicio de salud <\/a><\/td><td class=\"column-3\">Licda. Duby Rosales<\/td>\n<\/tr>\n<tr class=\"row-3\">\n\t<td class=\"column-1\">02<\/td><td class=\"column-2\"><a href=\"https:\/\/drive.google.com\/drive\/folders\/1yPGw5h0TauxxrEyF3rcoiTkRJkVGYMoO?usp=share_link\">An\u00e1lisis de la calidad del servicio bancario. <\/a><\/td><td class=\"column-3\">Lic. Mil\u00e1ngela del Carmen Morillo Moreno<\/td>\n<\/tr>\n<tr class=\"row-4\">\n\t<td class=\"column-1\">03<\/td><td class=\"column-2\"><a href=\"https:\/\/drive.google.com\/file\/d\/1kqTnwI8wYj8FZiVJKrOSueSPwmmOQvvM\/view?usp=drive_link\">Nivel de aceptaci\u00f3n de aplicaci\u00f3n m\u00f3vil en el sector pecuario del Municipio Col\u00f3n del estado Zulia en Venezuela. <\/a><\/td><td class=\"column-3\">Lic. Mar\u00eda Estefan\u00eda Romero Bar\u00f3n.<\/td>\n<\/tr>\n<tr class=\"row-5\">\n\t<td class=\"column-1\">04<\/td><td class=\"column-2\"><a href=\"https:\/\/drive.google.com\/file\/d\/1T-ZdJBR3O9VdQTlYZnFtv_MEKkQJKeMV\/view?usp=drive_link\">Estudio de mercado para determinar la demanda potencial del queso Brie de leche de cabra. Casa los Girasoles. Parroquias Sagrario y El Llano. Municipio Libertador, M\u00e9rida - Venezuela. <\/a><\/td><td class=\"column-3\">Lic. Franco S\u00e1nchez Ordo\u00f1ez.<\/td>\n<\/tr>\n<\/tbody>\n<\/table>\n<!-- #tablepress-1 from cache -->\n<p>[\/et_pb_accordion_item][et_pb_accordion_item title=\u00bbCuadernillos digitales \u00bb open_toggle_text_color=\u00bb#000000&#8243; _builder_version=\u00bb4.21.0&#8243; _module_preset=\u00bbdefault\u00bb global_colors_info=\u00bb{}\u00bb toggle_text_color=\u00bb#000000&#8243; open=\u00bboff\u00bb]<\/p>\n\n<table id=\"tablepress-4\" class=\"tablepress tablepress-id-4\">\n<thead>\n<tr class=\"row-1\">\n\t<th class=\"column-1\">N\u00ba<\/th><th class=\"column-2\">T\u00edtulo <\/th><th class=\"column-3\">Autor <\/th>\n<\/tr>\n<\/thead>\n<tbody class=\"row-striping row-hover\">\n<tr class=\"row-2\">\n\t<td class=\"column-1\">01<\/td><td class=\"column-2\"><a href=\"http:\/\/web.ula.ve\/cide\/wp-content\/uploads\/sites\/57\/2019\/08\/CUADERNILLO_ALICE-ARAUJO.pdf\">Cameralismo y Econom\u00eda de Empresas: dos eslabones olvidados en la evoluci\u00f3n de la Administraci\u00f3n como ciencia<\/a><\/td><td class=\"column-3\">Prof. Alice J. Araujo Lobo<\/td>\n<\/tr>\n<tr class=\"row-3\">\n\t<td class=\"column-1\">02<\/td><td class=\"column-2\"><a href=\"http:\/\/web.ula.ve\/cide\/wp-content\/uploads\/sites\/57\/2019\/08\/Cuadernillo_Prof.-Luis-Caraballo.pdf\">La formaci\u00f3n del Estado y la naci\u00f3n en Venezuela: los desaf\u00edos para el siglo XXI<\/a><\/td><td class=\"column-3\">Prof. Lu\u00eds A. Caraballo Vivas<\/td>\n<\/tr>\n<tr class=\"row-4\">\n\t<td class=\"column-1\">03<\/td><td class=\"column-2\"><a href=\"http:\/\/web.ula.ve\/cide\/wp-content\/uploads\/sites\/57\/2019\/08\/Cuadernillo_Prof.Tallaferro.pdf\">La escuela de Salamanca: aproximaci\u00f3n a la historia del pensamiento econ\u00f3mico<\/a><\/td><td class=\"column-3\">Prof. Julio C\u00e9sar Tallaferro Delpino<\/td>\n<\/tr>\n<tr class=\"row-5\">\n\t<td class=\"column-1\">04<\/td><td class=\"column-2\"><a href=\"http:\/\/web.ula.ve\/cide\/wp-content\/uploads\/sites\/57\/2019\/08\/CUADERNILLO_Salamanca.pdf\">La escuela de Salamanca y su importancia intelectual en la provincia de Venezuela (XVI-XVIII)<\/a><\/td><td class=\"column-3\">Prof. Ram\u00f3n Rivas Aguilar<\/td>\n<\/tr>\n<\/tbody>\n<\/table>\n<!-- #tablepress-4 from cache -->\n<p>[\/et_pb_accordion_item][\/et_pb_accordion][\/et_pb_column][\/et_pb_row][\/et_pb_section][et_pb_section fb_built=\u00bb1&#8243; _builder_version=\u00bb4.20.4&#8243; _module_preset=\u00bbdefault\u00bb global_colors_info=\u00bb{}\u00bb][et_pb_row _builder_version=\u00bb4.20.4&#8243; _module_preset=\u00bbdefault\u00bb global_colors_info=\u00bb{}\u00bb][et_pb_column type=\u00bb4_4&#8243; _builder_version=\u00bb4.20.4&#8243; _module_preset=\u00bbdefault\u00bb global_colors_info=\u00bb{}\u00bb][dnxte_text_divider dnxt_divider_text=\u00bbNuestros conversatorios \u00bb text_divider_style=\u00bbsolid\u00bb text_divider_color=\u00bb#F19914&#8243; text_divider_weight=\u00bb5px\u00bb _builder_version=\u00bb4.21.0&#8243; _module_preset=\u00bbdefault\u00bb global_colors_info=\u00bb{}\u00bb][\/dnxte_text_divider][\/et_pb_column][\/et_pb_row][\/et_pb_section][et_pb_section fb_built=\u00bb1&#8243; _builder_version=\u00bb4.20.4&#8243; _module_preset=\u00bbdefault\u00bb global_colors_info=\u00bb{}\u00bb][et_pb_row column_structure=\u00bb1_3,1_3,1_3&#8243; _builder_version=\u00bb4.20.4&#8243; _module_preset=\u00bbdefault\u00bb global_colors_info=\u00bb{}\u00bb][et_pb_column type=\u00bb1_3&#8243; _builder_version=\u00bb4.20.4&#8243; _module_preset=\u00bbdefault\u00bb global_colors_info=\u00bb{}\u00bb][et_pb_code _builder_version=\u00bb4.20.4&#8243; _module_preset=\u00bbdefault\u00bb global_colors_info=\u00bb{}\u00bb]<iframe loading=\"lazy\" width=\"560\" height=\"315\" src=\"https:\/\/www.youtube.com\/embed\/TkHNAvVzytM\" title=\"YouTube video player\" frameborder=\"0\" allow=\"accelerometer; autoplay; clipboard-write; encrypted-media; gyroscope; picture-in-picture; web-share\" allowfullscreen><\/iframe>[\/et_pb_code][et_pb_text _builder_version=\u00bb4.20.4&#8243; _module_preset=\u00bbdefault\u00bb global_colors_info=\u00bb{}\u00bb]<\/p>\n<p style=\"text-align: left;\">Impactos de la Revoluci\u00f3n Tecnol\u00f3gica \u00bfQu\u00e9 trae y c\u00f3mo est\u00e1 afectando a la humanidad?.\u00a0<\/p>\n<p style=\"text-align: center;\"><span>Ponente: Prof. Karelly Paredes<\/span><\/p>\n<p>[\/et_pb_text][\/et_pb_column][et_pb_column type=\u00bb1_3&#8243; _builder_version=\u00bb4.20.4&#8243; _module_preset=\u00bbdefault\u00bb global_colors_info=\u00bb{}\u00bb][et_pb_code _builder_version=\u00bb4.20.4&#8243; _module_preset=\u00bbdefault\u00bb global_colors_info=\u00bb{}\u00bb]<iframe loading=\"lazy\" width=\"560\" height=\"315\" src=\"https:\/\/www.youtube.com\/embed\/CUWuvXGh7ds\" title=\"YouTube video player\" frameborder=\"0\" allow=\"accelerometer; autoplay; clipboard-write; encrypted-media; gyroscope; picture-in-picture; web-share\" allowfullscreen><\/iframe>[\/et_pb_code][et_pb_text _builder_version=\u00bb4.20.4&#8243; _module_preset=\u00bbdefault\u00bb global_colors_info=\u00bb{}\u00bb]<\/p>\n<p><span> Inteligencia Artificial y Machine Learning<\/span><\/p>\n<p style=\"text-align: center;\"><span>Ponente: Dr. Jos\u00e9 Luciano Maldonado<\/span><\/p>\n<p>[\/et_pb_text][\/et_pb_column][et_pb_column type=\u00bb1_3&#8243; _builder_version=\u00bb4.20.4&#8243; _module_preset=\u00bbdefault\u00bb global_colors_info=\u00bb{}\u00bb][et_pb_code _builder_version=\u00bb4.20.4&#8243; _module_preset=\u00bbdefault\u00bb global_colors_info=\u00bb{}\u00bb]<iframe loading=\"lazy\" width=\"560\" height=\"315\" src=\"https:\/\/www.youtube.com\/embed\/IIik2gfhYns\" title=\"YouTube video player\" frameborder=\"0\" allow=\"accelerometer; autoplay; clipboard-write; encrypted-media; gyroscope; picture-in-picture; web-share\" allowfullscreen><\/iframe>[\/et_pb_code][et_pb_text _builder_version=\u00bb4.20.4&#8243; _module_preset=\u00bbdefault\u00bb global_colors_info=\u00bb{}\u00bb]<\/p>\n<p><span>Nuevos m\u00e9todos estad\u00edsticos de recolecci\u00f3n y an\u00e1lisis de datos en Marketing<\/span><\/p>\n<p style=\"text-align: center;\"><span>Ponente: Prof. Rafael Borge<\/span><\/p>\n<p>[\/et_pb_text][\/et_pb_column][\/et_pb_row][et_pb_row column_structure=\u00bb1_3,1_3,1_3&#8243; _builder_version=\u00bb4.20.4&#8243; _module_preset=\u00bbdefault\u00bb global_colors_info=\u00bb{}\u00bb][et_pb_column type=\u00bb1_3&#8243; _builder_version=\u00bb4.20.4&#8243; _module_preset=\u00bbdefault\u00bb global_colors_info=\u00bb{}\u00bb][et_pb_code _builder_version=\u00bb4.20.4&#8243; _module_preset=\u00bbdefault\u00bb global_colors_info=\u00bb{}\u00bb]<iframe loading=\"lazy\" width=\"560\" height=\"315\" src=\"https:\/\/www.youtube.com\/embed\/FLlIVYRB5I0\" title=\"YouTube video player\" frameborder=\"0\" allow=\"accelerometer; autoplay; clipboard-write; encrypted-media; gyroscope; picture-in-picture; web-share\" allowfullscreen><\/iframe>[\/et_pb_code][et_pb_text _builder_version=\u00bb4.20.4&#8243; _module_preset=\u00bbdefault\u00bb global_colors_info=\u00bb{}\u00bb]<\/p>\n<p style=\"text-align: left;\"><span>Comportamiento organizacional en Venezuela<\/span><\/p>\n<p style=\"text-align: center;\"><span>Ponente: MSc. Jorge Valencia<\/span><\/p>\n<p>[\/et_pb_text][\/et_pb_column][et_pb_column type=\u00bb1_3&#8243; _builder_version=\u00bb4.20.4&#8243; _module_preset=\u00bbdefault\u00bb global_colors_info=\u00bb{}\u00bb][\/et_pb_column][et_pb_column type=\u00bb1_3&#8243; _builder_version=\u00bb4.20.4&#8243; _module_preset=\u00bbdefault\u00bb global_colors_info=\u00bb{}\u00bb][\/et_pb_column][\/et_pb_row][et_pb_row _builder_version=\u00bb4.20.4&#8243; _module_preset=\u00bbdefault\u00bb global_colors_info=\u00bb{}\u00bb][et_pb_column type=\u00bb4_4&#8243; _builder_version=\u00bb4.20.4&#8243; _module_preset=\u00bbdefault\u00bb global_colors_info=\u00bb{}\u00bb][dnxte_text_divider dnxt_divider_text=\u00bbConversatorios del del 1er semestre de 2019&#8243; text_divider_color=\u00bb#F19914&#8243; text_divider_weight=\u00bb5px\u00bb _builder_version=\u00bb4.20.4&#8243; _module_preset=\u00bbdefault\u00bb global_colors_info=\u00bb{}\u00bb][\/dnxte_text_divider][\/et_pb_column][\/et_pb_row][et_pb_row column_structure=\u00bb1_3,1_3,1_3&#8243; _builder_version=\u00bb4.20.4&#8243; _module_preset=\u00bbdefault\u00bb global_colors_info=\u00bb{}\u00bb][et_pb_column type=\u00bb1_3&#8243; _builder_version=\u00bb4.20.4&#8243; _module_preset=\u00bbdefault\u00bb global_colors_info=\u00bb{}\u00bb][et_pb_image src=\u00bbhttps:\/\/www.facesulavirtual.org\/cide\/wp-content\/uploads\/2023\/05\/conversatorio-1-300&#215;225.jpg\u00bb title_text=\u00bbconversatorio 1&#8243; _builder_version=\u00bb4.20.4&#8243; _module_preset=\u00bbdefault\u00bb global_colors_info=\u00bb{}\u00bb][\/et_pb_image][\/et_pb_column][et_pb_column type=\u00bb1_3&#8243; _builder_version=\u00bb4.20.4&#8243; _module_preset=\u00bbdefault\u00bb global_colors_info=\u00bb{}\u00bb][et_pb_image src=\u00bbhttps:\/\/www.facesulavirtual.org\/cide\/wp-content\/uploads\/2023\/05\/conversatorio-2-300&#215;225.jpg\u00bb title_text=\u00bbconversatorio 2&#8243; _builder_version=\u00bb4.20.4&#8243; _module_preset=\u00bbdefault\u00bb global_colors_info=\u00bb{}\u00bb][\/et_pb_image][\/et_pb_column][et_pb_column type=\u00bb1_3&#8243; _builder_version=\u00bb4.20.4&#8243; _module_preset=\u00bbdefault\u00bb global_colors_info=\u00bb{}\u00bb][et_pb_image src=\u00bbhttps:\/\/www.facesulavirtual.org\/cide\/wp-content\/uploads\/2023\/05\/conversatorio-3-300&#215;225.jpg\u00bb title_text=\u00bbconversatorio 3&#8243; _builder_version=\u00bb4.20.4&#8243; _module_preset=\u00bbdefault\u00bb global_colors_info=\u00bb{}\u00bb][\/et_pb_image][\/et_pb_column][\/et_pb_row][\/et_pb_section]<\/p>\n","protected":false},"excerpt":{"rendered":"<p>InvestigacionesL\u00edneas de Investigaci\u00f3n Centro de Investigaciones y Desarrollo EmpresarialNuestras l\u00edneas de investigaci\u00f3n han sido definidas tomando en cuenta los intereses propios de los investigadores, la pertinencia, actualidad y relevancia para la regi\u00f3n.Sector privado<div class=\"et_pb_module dnxte_mega_image_effect dnxte_mega_image_effect_0\">\n\t\t\t\t\n\t\t\t\t\n\t\t\t\t\n\t\t\t\t\n\t\t\t\t\n\t\t\t\t\n\t\t\t\t<div class=\"et_pb_module_inner\">\n\t\t\t\t\t<figure class=\"imghvr-push-up dnxtiep-imghvr-wrapper\">\r\n\t\t\t\t<img decoding=\"async\" src=\"\" alt=\"\" class=\"et_multi_view_hidden_image\" \/>\r\n\t\t\t\t<figcaption class=\"  dnxtiep-imghvr-content\">\r\n\t\t\t\t\t\r\n\t\t\t\t\t<div class=\"dnxtiep-description\">\u00bb<\/div>\n\r\n\t\t\t\t\t\r\n\t\t\t\t<\/figcaption>\r\n\t\t\t<\/figure>\n\t\t\t\t<\/div>\n\t\t\t<\/div><\/p>\n","protected":false},"author":1,"featured_media":0,"parent":0,"menu_order":0,"comment_status":"closed","ping_status":"closed","template":"","meta":{"_et_pb_use_builder":"on","_et_pb_old_content":"","_et_gb_content_width":"","footnotes":""},"class_list":["post-412","page","type-page","status-publish","hentry"],"_links":{"self":[{"href":"https:\/\/www.facesulavirtual.org\/cide\/wp-json\/wp\/v2\/pages\/412","targetHints":{"allow":["GET"]}}],"collection":[{"href":"https:\/\/www.facesulavirtual.org\/cide\/wp-json\/wp\/v2\/pages"}],"about":[{"href":"https:\/\/www.facesulavirtual.org\/cide\/wp-json\/wp\/v2\/types\/page"}],"author":[{"embeddable":true,"href":"https:\/\/www.facesulavirtual.org\/cide\/wp-json\/wp\/v2\/users\/1"}],"replies":[{"embeddable":true,"href":"https:\/\/www.facesulavirtual.org\/cide\/wp-json\/wp\/v2\/comments?post=412"}],"version-history":[{"count":41,"href":"https:\/\/www.facesulavirtual.org\/cide\/wp-json\/wp\/v2\/pages\/412\/revisions"}],"predecessor-version":[{"id":987510205,"href":"https:\/\/www.facesulavirtual.org\/cide\/wp-json\/wp\/v2\/pages\/412\/revisions\/987510205"}],"wp:attachment":[{"href":"https:\/\/www.facesulavirtual.org\/cide\/wp-json\/wp\/v2\/media?parent=412"}],"curies":[{"name":"wp","href":"https:\/\/api.w.org\/{rel}","templated":true}]}}