{"id":1771,"date":"2023-05-05T03:07:15","date_gmt":"2023-05-05T03:07:15","guid":{"rendered":"https:\/\/www.facesulavirtual.org\/cide\/?page_id=1771"},"modified":"2023-05-24T14:45:50","modified_gmt":"2023-05-24T14:45:50","slug":"lineas-de-investigacion-2","status":"publish","type":"page","link":"https:\/\/www.facesulavirtual.org\/cide\/lineas-de-investigacion-2\/","title":{"rendered":"l\u00edneas de investigaci\u00f3n #2"},"content":{"rendered":"<p>[et_pb_section fb_built=\u00bb1&#8243; _builder_version=\u00bb4.20.4&#8243; _module_preset=\u00bbdefault\u00bb custom_padding=\u00bb||5px|||\u00bb global_colors_info=\u00bb{}\u00bb][et_pb_row _builder_version=\u00bb4.20.4&#8243; _module_preset=\u00bbdefault\u00bb custom_margin=\u00bb|auto|0px|auto||\u00bb global_colors_info=\u00bb{}\u00bb][et_pb_column type=\u00bb4_4&#8243; _builder_version=\u00bb4.20.4&#8243; _module_preset=\u00bbdefault\u00bb global_colors_info=\u00bb{}\u00bb][dnxte_gradient_text gradient_title=\u00bb\u00c1rea de administraci\u00f3n y Gesti\u00f3n P\u00fablica\u00bb heading_tag=\u00bbh1&#8243; gradient_color_one_select_text=\u00bb#F19914&#8243; gradient_color_two_select_text=\u00bb#811212&#8243; gradient_start_position_text=\u00bb14%\u00bb text_reveal_effect=\u00bbon\u00bb text_reveal_color_before=\u00bb#f29f24&#8243; _builder_version=\u00bb4.20.4&#8243; _module_preset=\u00bbdefault\u00bb gradient_fonts_font=\u00bb|800|||||||\u00bb text_orientation=\u00bbcenter\u00bb min_height=\u00bb57px\u00bb custom_padding=\u00bb18px||14px|||\u00bb global_colors_info=\u00bb{}\u00bb][\/dnxte_gradient_text][\/et_pb_column][\/et_pb_row][\/et_pb_section][et_pb_section fb_built=\u00bb1&#8243; prev_background_color=\u00bb#ffffff\u00bb next_background_color=\u00bb#ffffff\u00bb _builder_version=\u00bb4.20.4&#8243; _module_preset=\u00bbdefault\u00bb background_color=\u00bb#efefef\u00bb top_divider_style=\u00bbwave2&#8243; bottom_divider_style=\u00bbwave2&#8243; global_colors_info=\u00bb{}\u00bb][et_pb_row column_structure=\u00bb1_2,1_2&#8243; _builder_version=\u00bb4.20.4&#8243; _module_preset=\u00bbdefault\u00bb global_colors_info=\u00bb{}\u00bb][et_pb_column type=\u00bb1_2&#8243; _builder_version=\u00bb4.20.4&#8243; _module_preset=\u00bbdefault\u00bb global_colors_info=\u00bb{}\u00bb][et_pb_blurb title=\u00bbInstituciones y Pol\u00edticas P\u00fablicas \u00bb image=\u00bbhttps:\/\/www.facesulavirtual.org\/cide\/wp-content\/uploads\/2023\/05\/BLOG-POLITICAS-PUBLICAS.jpg\u00bb _builder_version=\u00bb4.20.4&#8243; _module_preset=\u00bbdefault\u00bb header_font=\u00bb|700|||||||\u00bb header_text_align=\u00bbcenter\u00bb header_text_color=\u00bb#811212&#8243; border_width_all_image=\u00bb1px\u00bb border_color_all_image=\u00bb#811212&#8243; global_colors_info=\u00bb{}\u00bb border_radii_image__hover_enabled=\u00bbon|hover\u00bb border_radii_image__hover=\u00bbon||||\u00bb border_width_all_image__hover_enabled=\u00bbon|hover\u00bb border_color_all_image__hover_enabled=\u00bbon|desktop\u00bb border_width_all_image__hover=\u00bb4px\u00bb border_color_all_image__hover=\u00bb#F19914&#8243; header_text_color__hover_enabled=\u00bbon|hover\u00bb header_text_color__hover=\u00bb#F19914&#8243;][\/et_pb_blurb][\/et_pb_column][et_pb_column type=\u00bb1_2&#8243; _builder_version=\u00bb4.20.4&#8243; _module_preset=\u00bbdefault\u00bb global_colors_info=\u00bb{}\u00bb][et_pb_text _builder_version=\u00bb4.20.4&#8243; _module_preset=\u00bbdefault\u00bb custom_margin=\u00bb42px|||||\u00bb global_colors_info=\u00bb{}\u00bb]<\/p>\n<p style=\"text-align: justify;\">La l\u00ednea re\u00fane a investigadores interesados en estudiar el proceso formativo del aparato estatal, su funcionamiento, sus ventajas, sus limitantes; adicionalmente se avanza en conocer sobre la formulaci\u00f3n, implementaci\u00f3n y efectos de las pol\u00edticas p\u00fablicas a nivel nacional y local.<\/p>\n<p>[\/et_pb_text][\/et_pb_column][\/et_pb_row][\/et_pb_section][et_pb_section fb_built=\u00bb1&#8243; next_background_color=\u00bb#efefef\u00bb _builder_version=\u00bb4.20.4&#8243; _module_preset=\u00bbdefault\u00bb custom_padding=\u00bb0px|||||\u00bb bottom_divider_style=\u00bbwave2&#8243; global_colors_info=\u00bb{}\u00bb][et_pb_row column_structure=\u00bb1_2,1_2&#8243; _builder_version=\u00bb4.20.4&#8243; _module_preset=\u00bbdefault\u00bb global_colors_info=\u00bb{}\u00bb][et_pb_column type=\u00bb1_2&#8243; _builder_version=\u00bb4.20.4&#8243; _module_preset=\u00bbdefault\u00bb global_colors_info=\u00bb{}\u00bb][et_pb_text _builder_version=\u00bb4.20.4&#8243; _module_preset=\u00bbdefault\u00bb min_height=\u00bb197.4px\u00bb custom_margin=\u00bb44px|||||\u00bb custom_padding=\u00bb0px|||||\u00bb global_colors_info=\u00bb{}\u00bb]<\/p>\n<p style=\"text-align: justify;\">La l\u00ednea estudia la interacci\u00f3n y relaci\u00f3n del Estado con actores p\u00fablicos y privados, es decir, la sociedad civil y las empresas. De igual manera, aborda el nivel de equilibrio entre las demandas y requerimientos de la sociedad y la capacidad del sistema pol\u00edtico (Estado-Gobierno) para atenderlos de forma leg\u00edtima y eficaz. Asi mismo analiza las iniciativas y mecanismos de gesti\u00f3n de informaci\u00f3n e interacci\u00f3n social que promueve el Estado en busca de transparencia y participaci\u00f3n ciudadana para la soluci\u00f3n colectiva de los problemas de inter\u00e9s p\u00fablico.<\/p>\n<p>[\/et_pb_text][\/et_pb_column][et_pb_column type=\u00bb1_2&#8243; _builder_version=\u00bb4.20.4&#8243; _module_preset=\u00bbdefault\u00bb global_colors_info=\u00bb{}\u00bb][et_pb_blurb title=\u00bbGobernanza, Gobernabilidad y Gobierno Abierto \u00bb image=\u00bbhttps:\/\/www.facesulavirtual.org\/cide\/wp-content\/uploads\/2023\/05\/1765984821-950&#215;530-abstract.webp\u00bb _builder_version=\u00bb4.20.4&#8243; _module_preset=\u00bbdefault\u00bb header_font=\u00bb|700|||||||\u00bb header_text_align=\u00bbcenter\u00bb header_text_color=\u00bb#F19914&#8243; border_width_all_image=\u00bb1px\u00bb border_color_all_image=\u00bb#F19914&#8243; global_colors_info=\u00bb{}\u00bb border_width_all_image__hover_enabled=\u00bbon|hover\u00bb border_color_all_image__hover_enabled=\u00bbon|hover\u00bb border_width_all_image__hover=\u00bb4px\u00bb border_color_all_image__hover=\u00bb#811212&#8243; header_text_color__hover_enabled=\u00bbon|hover\u00bb header_text_color__hover=\u00bb#811212&#8243;][\/et_pb_blurb][\/et_pb_column][\/et_pb_row][\/et_pb_section][et_pb_section fb_built=\u00bb1&#8243; next_background_color=\u00bb#ffffff\u00bb _builder_version=\u00bb4.20.4&#8243; _module_preset=\u00bbdefault\u00bb background_color=\u00bb#efefef\u00bb custom_padding=\u00bb0px|||||\u00bb bottom_divider_style=\u00bbwave2&#8243; global_colors_info=\u00bb{}\u00bb][et_pb_row column_structure=\u00bb1_2,1_2&#8243; _builder_version=\u00bb4.20.4&#8243; _module_preset=\u00bbdefault\u00bb global_colors_info=\u00bb{}\u00bb][et_pb_column type=\u00bb1_2&#8243; _builder_version=\u00bb4.20.4&#8243; _module_preset=\u00bbdefault\u00bb global_colors_info=\u00bb{}\u00bb][et_pb_blurb title=\u00bbNuevas Tendencias en la Administraci\u00f3n de Organizaciones del Estado \u00bb image=\u00bbhttps:\/\/www.facesulavirtual.org\/cide\/wp-content\/uploads\/2023\/05\/original-990e820a68d84d287a93103f9a6b2770.jpg\u00bb _builder_version=\u00bb4.20.4&#8243; _module_preset=\u00bbdefault\u00bb header_font=\u00bb|700|||||||\u00bb header_text_align=\u00bbcenter\u00bb header_text_color=\u00bb#811212&#8243; border_width_all_image=\u00bb1px\u00bb border_color_all_image=\u00bb#811212&#8243; global_colors_info=\u00bb{}\u00bb border_radii_image__hover_enabled=\u00bbon|hover\u00bb border_radii_image__hover=\u00bbon||||\u00bb border_width_all_image__hover_enabled=\u00bbon|hover\u00bb border_color_all_image__hover_enabled=\u00bbon|hover\u00bb border_width_all_image__hover=\u00bb4px\u00bb border_color_all_image__hover=\u00bb#F19914&#8243; header_text_color__hover_enabled=\u00bbon|hover\u00bb header_text_color__hover=\u00bb#F19914&#8243;][\/et_pb_blurb][\/et_pb_column][et_pb_column type=\u00bb1_2&#8243; _builder_version=\u00bb4.20.4&#8243; _module_preset=\u00bbdefault\u00bb global_colors_info=\u00bb{}\u00bb][et_pb_text _builder_version=\u00bb4.20.4&#8243; _module_preset=\u00bbdefault\u00bb custom_padding=\u00bb53px||4px|||\u00bb global_colors_info=\u00bb{}\u00bb]<\/p>\n<p style=\"text-align: justify;\">La l\u00ednea junta esfuerzos para estudiar los nuevos paradigmas de Administraci\u00f3n y Gerencia P\u00fablica, los cuales ratifican la tendencia de un Estado con una visi\u00f3n m\u00e1s econ\u00f3mica y gerencial para la administraci\u00f3n gubernamental, surgida \u00e9sta de una serie de problemas de mercado que son evidentes y debe resolver el Gobierno. Los nuevos paradigmas van desde la transformaci\u00f3n de los ciudadanos y servidores p\u00fablicos, la utilizaci\u00f3n de la tecnolog\u00eda, la descentralizaci\u00f3n, la reforma del Estado, la planeaci\u00f3n y gerencia estrat\u00e9gica, hasta la participaci\u00f3n de entidades privadas para la dotaci\u00f3n de servicios.<\/p>\n<p>[\/et_pb_text][\/et_pb_column][\/et_pb_row][\/et_pb_section][et_pb_section fb_built=\u00bb1&#8243; next_background_color=\u00bb#efefef\u00bb _builder_version=\u00bb4.20.4&#8243; _module_preset=\u00bbdefault\u00bb custom_padding=\u00bb0px|||||\u00bb bottom_divider_style=\u00bbwave2&#8243; global_colors_info=\u00bb{}\u00bb][et_pb_row column_structure=\u00bb1_2,1_2&#8243; _builder_version=\u00bb4.20.4&#8243; _module_preset=\u00bbdefault\u00bb global_colors_info=\u00bb{}\u00bb][et_pb_column type=\u00bb1_2&#8243; _builder_version=\u00bb4.20.4&#8243; _module_preset=\u00bbdefault\u00bb global_colors_info=\u00bb{}\u00bb][et_pb_text _builder_version=\u00bb4.20.4&#8243; _module_preset=\u00bbdefault\u00bb custom_margin=\u00bb57px|||||\u00bb global_colors_info=\u00bb{}\u00bb]<\/p>\n<p style=\"text-align: justify;\">Esta l\u00ednea analiza los aspectos financieros del sector p\u00fablico, la actividad de planificaci\u00f3n en el sectordesde las diferentes perspectivas y m\u00e9todos, el proceso presupuestario todo esto con el prop\u00f3sito de buscar formas de actuaci\u00f3n m\u00e1s efectivas en t\u00e9rminos de los modos de acci\u00f3n de los decisores p\u00fablicos.<\/p>\n<p>[\/et_pb_text][\/et_pb_column][et_pb_column type=\u00bb1_2&#8243; _builder_version=\u00bb4.20.4&#8243; _module_preset=\u00bbdefault\u00bb global_colors_info=\u00bb{}\u00bb][et_pb_blurb title=\u00bbFinanzas, Planificaci\u00f3n y Presupuesto P\u00fablico\u00bb image=\u00bbhttps:\/\/www.facesulavirtual.org\/cide\/wp-content\/uploads\/2023\/05\/finanzas.jpg\u00bb _builder_version=\u00bb4.20.4&#8243; _module_preset=\u00bbdefault\u00bb header_font=\u00bb|700|||||||\u00bb header_text_align=\u00bbcenter\u00bb header_text_color=\u00bb#F19914&#8243; border_width_all_image=\u00bb1px\u00bb border_color_all_image=\u00bb#F19914&#8243; global_colors_info=\u00bb{}\u00bb border_width_all_image__hover_enabled=\u00bbon|hover\u00bb border_color_all_image__hover_enabled=\u00bbon|hover\u00bb border_width_all_image__hover=\u00bb4px\u00bb border_color_all_image__hover=\u00bb#811212&#8243; header_text_color__hover_enabled=\u00bbon|hover\u00bb header_text_color__hover=\u00bb#811212&#8243;][\/et_pb_blurb][\/et_pb_column][\/et_pb_row][\/et_pb_section][et_pb_section fb_built=\u00bb1&#8243; next_background_color=\u00bb#ffffff\u00bb _builder_version=\u00bb4.20.4&#8243; _module_preset=\u00bbdefault\u00bb background_color=\u00bb#efefef\u00bb custom_padding=\u00bb0px|||||\u00bb bottom_divider_style=\u00bbwave2&#8243; global_colors_info=\u00bb{}\u00bb][et_pb_row column_structure=\u00bb1_2,1_2&#8243; _builder_version=\u00bb4.20.4&#8243; _module_preset=\u00bbdefault\u00bb global_colors_info=\u00bb{}\u00bb][et_pb_column type=\u00bb1_2&#8243; _builder_version=\u00bb4.20.4&#8243; _module_preset=\u00bbdefault\u00bb global_colors_info=\u00bb{}\u00bb][et_pb_blurb title=\u00bbGerencia P\u00fablica y Administraci\u00f3n Activa\u00bb image=\u00bbhttps:\/\/www.facesulavirtual.org\/cide\/wp-content\/uploads\/2023\/05\/estudiar-gestion-empresarial-gestion-activa-gestion-pasiva-cual-es-mejor.webp\u00bb _builder_version=\u00bb4.20.4&#8243; _module_preset=\u00bbdefault\u00bb header_font=\u00bb|700|||||||\u00bb header_text_align=\u00bbcenter\u00bb header_text_color=\u00bb#811212&#8243; header_text_color_last_edited=\u00bboff|desktop\u00bb border_width_all_image=\u00bb1px\u00bb border_color_all_image=\u00bb#811212&#8243; global_colors_info=\u00bb{}\u00bb border_radii_image__hover_enabled=\u00bbon|hover\u00bb border_radii_image__hover=\u00bbon||||\u00bb border_width_all_image__hover_enabled=\u00bbon|hover\u00bb border_color_all_image__hover_enabled=\u00bbon|hover\u00bb border_width_all_image__hover=\u00bb4px\u00bb border_color_all_image__hover=\u00bb#F19914&#8243; header_text_color__hover_enabled=\u00bbon|desktop\u00bb header_text_color__hover=\u00bb#F19914&#8243;][\/et_pb_blurb][\/et_pb_column][et_pb_column type=\u00bb1_2&#8243; _builder_version=\u00bb4.20.4&#8243; _module_preset=\u00bbdefault\u00bb global_colors_info=\u00bb{}\u00bb][et_pb_text _builder_version=\u00bb4.20.4&#8243; _module_preset=\u00bbdefault\u00bb custom_margin=\u00bb1px|||||\u00bb custom_padding=\u00bb80px||0px|||\u00bb global_colors_info=\u00bb{}\u00bb]<\/p>\n<p style=\"text-align: justify;\">La intenci\u00f3n de la l\u00ednea es estudiar el proceso de administrar recursos en el sector p\u00fablico, los sistemas cl\u00e1sicos o liberales de gerencia p\u00fablica; adem\u00e1s profundizar en el rol tanto del administrador-gestor como de los funcionarios que cumplen la funci\u00f3n de gobierno.<\/p>\n<p>[\/et_pb_text][\/et_pb_column][\/et_pb_row][\/et_pb_section][et_pb_section fb_built=\u00bb1&#8243; _builder_version=\u00bb4.20.4&#8243; _module_preset=\u00bbdefault\u00bb custom_padding=\u00bb0px||6px|||\u00bb global_colors_info=\u00bb{}\u00bb][et_pb_row column_structure=\u00bb1_2,1_2&#8243; _builder_version=\u00bb4.20.4&#8243; _module_preset=\u00bbdefault\u00bb global_colors_info=\u00bb{}\u00bb][et_pb_column type=\u00bb1_2&#8243; _builder_version=\u00bb4.20.4&#8243; _module_preset=\u00bbdefault\u00bb global_colors_info=\u00bb{}\u00bb][et_pb_text _builder_version=\u00bb4.20.4&#8243; _module_preset=\u00bbdefault\u00bb custom_margin=\u00bb90px|||||\u00bb global_colors_info=\u00bb{}\u00bb]<\/p>\n<p style=\"text-align: justify;\">La L\u00ednea se encarga de estudiar aspectos relacionados con la transparencia, la participaci\u00f3n y la eficiencia en el manejo de los recursos del sector p\u00fablico, as\u00ed como las responsabilidades que acarrea la comisi\u00f3n de irregularidades relacionadas con la administraci\u00f3n, manejo o custodia de bienes o fondos p\u00fablicos, por parte de los entes p\u00fablicos y de las personas jur\u00eddicas o naturales en funci\u00f3n a lo se\u00f1alado en la Ley.<\/p>\n<p>[\/et_pb_text][\/et_pb_column][et_pb_column type=\u00bb1_2&#8243; _builder_version=\u00bb4.20.4&#8243; _module_preset=\u00bbdefault\u00bb global_colors_info=\u00bb{}\u00bb][et_pb_blurb title=\u00bbControl de la Gesti\u00f3n \u00bb image=\u00bbhttps:\/\/www.facesulavirtual.org\/cide\/wp-content\/uploads\/2023\/05\/metodo-cuantitativo.jpg\u00bb _builder_version=\u00bb4.20.4&#8243; _module_preset=\u00bbdefault\u00bb header_font=\u00bb|700|||||||\u00bb header_text_align=\u00bbcenter\u00bb header_text_color=\u00bb#F19914&#8243; border_width_all_image=\u00bb1px\u00bb border_color_all_image=\u00bb#F19914&#8243; global_colors_info=\u00bb{}\u00bb border_width_all_image__hover_enabled=\u00bbon|hover\u00bb border_color_all_image__hover_enabled=\u00bbon|hover\u00bb border_width_all_image__hover=\u00bb4px\u00bb border_color_all_image__hover=\u00bb#811212&#8243; header_text_color__hover_enabled=\u00bbon|hover\u00bb header_text_color__hover=\u00bb#811212&#8243;][\/et_pb_blurb][\/et_pb_column][\/et_pb_row][et_pb_row _builder_version=\u00bb4.21.0&#8243; _module_preset=\u00bbdefault\u00bb locked=\u00bboff\u00bb][et_pb_column _builder_version=\u00bb4.21.0&#8243; _module_preset=\u00bbdefault\u00bb type=\u00bb4_4&#8243;][et_pb_button button_text=\u00bb\ud83d\udcbbPropuesta de la subl\u00ednea de investigaci\u00f3n sobre Gerencia Inteligente\u00bb _builder_version=\u00bb4.21.0&#8243; _module_preset=\u00bbdefault\u00bb button_alignment=\u00bbcenter\u00bb custom_button=\u00bbon\u00bb button_text_color=\u00bb#811212&#8243; hover_enabled=\u00bb0&#8243; sticky_enabled=\u00bb0&#8243; button_url=\u00bbhttps:\/\/www.facesulavirtual.org\/cide\/wp-content\/uploads\/2023\/05\/Sublinea-de-Investigacion-Gerencia-Inteligente.pdf\u00bb][\/et_pb_button][\/et_pb_column][\/et_pb_row][\/et_pb_section]<\/p>\n","protected":false},"excerpt":{"rendered":"<p><div class=\"et_pb_module dnxte_gradient_text dnxte_gradient_text_0\">\n\t\t\t\t\n\t\t\t\t\n\t\t\t\t\n\t\t\t\t\n\t\t\t\t\n\t\t\t\t\n\t\t\t\t<div class=\"et_pb_module_inner\">\n\t\t\t\t\t<div class=\"dnxt-text-reveal\">\r\n            <div class=\"dnxt-reveal-text-container\">\r\n                <div class=\"reveal-effect masker wow\">\r\n                    <h1 class=\"dnxt-gradient-text dnxt-gradient-text-color  \">\u00c1rea de administraci\u00f3n y Gesti\u00f3n P\u00fablica<\/h1>\r\n                <\/div>\r\n            <\/div>\r\n        <\/div>\n\t\t\t\t<\/div>\n\t\t\t<\/div>La l\u00ednea re\u00fane a investigadores interesados en estudiar el proceso formativo del aparato estatal, su funcionamiento, sus ventajas, sus limitantes; adicionalmente se avanza en conocer sobre la formulaci\u00f3n, implementaci\u00f3n y efectos de las pol\u00edticas p\u00fablicas a [&hellip;]<\/p>\n","protected":false},"author":1,"featured_media":0,"parent":0,"menu_order":0,"comment_status":"closed","ping_status":"closed","template":"","meta":{"_et_pb_use_builder":"on","_et_pb_old_content":"[et_pb_section fb_built=\"1\" theme_builder_area=\"post_content\" _builder_version=\"4.20.4\" _module_preset=\"default\" hover_enabled=\"0\" sticky_enabled=\"0\" custom_padding=\"||5px|||\"][et_pb_row _builder_version=\"4.20.4\" _module_preset=\"default\" theme_builder_area=\"post_content\" custom_margin=\"|auto|0px|auto||\"][et_pb_column _builder_version=\"4.20.4\" _module_preset=\"default\" type=\"4_4\" theme_builder_area=\"post_content\"][dnxte_gradient_text gradient_title=\"\u00c1rea de administraci\u00f3n y Gerencia Empresarial\" _builder_version=\"4.20.4\" _module_preset=\"default\" theme_builder_area=\"post_content\" heading_tag=\"h1\" gradient_fonts_font=\"|800|||||||\" gradient_color_one_select_text=\"#811212\" gradient_color_two_select_text=\"#F19914\" text_reveal_effect=\"on\" text_reveal_color_before=\"#b71e19\" text_orientation=\"center\" hover_enabled=\"0\" sticky_enabled=\"0\" custom_padding=\"18px||14px|||\" min_height=\"57px\"][\/dnxte_gradient_text][\/et_pb_column][\/et_pb_row][\/et_pb_section][et_pb_section fb_built=\"1\" theme_builder_area=\"post_content\" _builder_version=\"4.20.4\" _module_preset=\"default\" background_color=\"#efefef\" bottom_divider_style=\"wave2\" top_divider_style=\"wave2\" hover_enabled=\"0\" sticky_enabled=\"0\" prev_background_color=\"#ffffff\" next_background_color=\"#ffffff\"][et_pb_row _builder_version=\"4.20.4\" _module_preset=\"default\" column_structure=\"1_2,1_2\" theme_builder_area=\"post_content\"][et_pb_column _builder_version=\"4.20.4\" _module_preset=\"default\" type=\"1_2\" theme_builder_area=\"post_content\"][et_pb_blurb title=\"Historia y Pensamiento Administrativo\" image=\"https:\/\/www.facesulavirtual.org\/cide\/wp-content\/uploads\/2023\/05\/administracion-financiera.jpg\" _builder_version=\"4.20.4\" _module_preset=\"default\" theme_builder_area=\"post_content\" header_font=\"|700|||||||\" header_text_align=\"center\" header_text_color=\"#811212\" title_text=\"administracion-financiera\" border_radii_image__hover_enabled=\"on|hover\" hover_enabled=\"0\" sticky_enabled=\"0\" border_radii_image__hover=\"on||||\" border_color_all_image=\"#F19914\" border_width_all_image__hover_enabled=\"on|hover\" border_color_all_image__hover_enabled=\"on|hover\" border_width_all_image__hover=\"4px\" border_width_all_image=\"1px\" border_color_all_image__hover=\"#811212\"][\/et_pb_blurb][\/et_pb_column][et_pb_column _builder_version=\"4.20.4\" _module_preset=\"default\" type=\"1_2\" theme_builder_area=\"post_content\"][et_pb_text _builder_version=\"4.20.4\" _module_preset=\"default\" theme_builder_area=\"post_content\" hover_enabled=\"0\" sticky_enabled=\"0\"]\n<p style=\"text-align: justify;\">Las teor\u00edas y escuelas de pensamiento vinculadas con la gesti\u00f3n, el administrador o gestor y la organizaci\u00f3n tienen ra\u00edces antiguas que van m\u00e1s all\u00e1 de los aportes de Taylor, Emerson, Fayol, Urwick, las cuales se pueden encontrar en la medula de la revoluci\u00f3n industrial, en pioneros como Charles Babbage, Robert Owen, Karl Marx, Adam Smith, Tomas Hobbes, Jacobo Rousseau o en civilizaciones antiguas como la sumeria o egipcia. Entonces, el estudio de la historia de la Administraci\u00f3n est\u00e1 plenamente justificado, pues proporciona un contexto que permite entender no solo lo que fue el pensamiento de la Administraci\u00f3n, sino tambi\u00e9n explicar por qu\u00e9 se desarroll\u00f3 de dicha manera (Witzel, 2014). En concreto, el Instituto busca incentivar investigaciones b\u00e1sicas relacionadas con las ra\u00edces de la disciplina.<\/p>\n[\/et_pb_text][\/et_pb_column][\/et_pb_row][\/et_pb_section][et_pb_section fb_built=\"1\" theme_builder_area=\"post_content\" _builder_version=\"4.20.4\" _module_preset=\"default\" bottom_divider_style=\"wave2\" hover_enabled=\"0\" sticky_enabled=\"0\" custom_padding=\"0px|||||\" next_background_color=\"#efefef\"][et_pb_row _builder_version=\"4.20.4\" _module_preset=\"default\" column_structure=\"1_2,1_2\" theme_builder_area=\"post_content\"][et_pb_column _builder_version=\"4.20.4\" _module_preset=\"default\" type=\"1_2\" theme_builder_area=\"post_content\"][et_pb_text _builder_version=\"4.20.4\" _module_preset=\"default\" theme_builder_area=\"post_content\" hover_enabled=\"0\" sticky_enabled=\"0\" custom_margin=\"100px|||||\"]\n<p style=\"text-align: justify;\">Lo medular de la l\u00ednea consiste en abordar las teor\u00edas de gesti\u00f3n, administrativa y organizacional, entre otras, para entender la funci\u00f3n de administrar, al individuo gestor y a la propia organizaci\u00f3n.<\/p>\n[\/et_pb_text][\/et_pb_column][et_pb_column _builder_version=\"4.20.4\" _module_preset=\"default\" type=\"1_2\" theme_builder_area=\"post_content\"][et_pb_blurb title=\"Gerencia y Din\u00e1mica Empresarial \" image=\"https:\/\/www.facesulavirtual.org\/cide\/wp-content\/uploads\/2023\/05\/gestion.jpg\" _builder_version=\"4.20.4\" _module_preset=\"default\" theme_builder_area=\"post_content\" title_text=\"gestion\" header_font=\"|700|||||||\" header_text_align=\"center\" header_text_color=\"#F19914\" border_width_all_image__hover_enabled=\"on|hover\" border_width_all_image=\"1px\" border_color_all_image__hover_enabled=\"on|hover\" border_color_all_image=\"#811212\" hover_enabled=\"0\" sticky_enabled=\"0\" border_width_all_image__hover=\"4px\" border_color_all_image__hover=\"#F19914\"][\/et_pb_blurb][\/et_pb_column][\/et_pb_row][\/et_pb_section][et_pb_section fb_built=\"1\" theme_builder_area=\"post_content\" _builder_version=\"4.20.4\" _module_preset=\"default\" background_color=\"#efefef\" bottom_divider_style=\"wave2\" hover_enabled=\"0\" sticky_enabled=\"0\" custom_padding=\"0px|||||\" next_background_color=\"#ffffff\"][et_pb_row _builder_version=\"4.20.4\" _module_preset=\"default\" column_structure=\"1_2,1_2\" theme_builder_area=\"post_content\"][et_pb_column _builder_version=\"4.20.4\" _module_preset=\"default\" type=\"1_2\" theme_builder_area=\"post_content\"][et_pb_blurb title=\"Emprendimiento y Desarrollo Empresarial \" image=\"https:\/\/www.facesulavirtual.org\/cide\/wp-content\/uploads\/2023\/05\/desarrollo-empresarial.jpg\" _builder_version=\"4.20.4\" _module_preset=\"default\" theme_builder_area=\"post_content\" header_font=\"|700|||||||\" header_text_align=\"center\" header_text_color=\"#811212\" title_text=\"desarrollo-empresarial\" border_radii_image__hover_enabled=\"on|hover\" hover_enabled=\"0\" sticky_enabled=\"0\" border_radii_image__hover=\"on||||\" border_color_all_image=\"#F19914\" border_width_all_image__hover_enabled=\"on|hover\" border_color_all_image__hover_enabled=\"on|hover\" border_width_all_image__hover=\"4px\" border_width_all_image=\"1px\" border_color_all_image__hover=\"#811212\"][\/et_pb_blurb][\/et_pb_column][et_pb_column _builder_version=\"4.20.4\" _module_preset=\"default\" type=\"1_2\" theme_builder_area=\"post_content\"][et_pb_text _builder_version=\"4.20.4\" _module_preset=\"default\" theme_builder_area=\"post_content\" hover_enabled=\"0\" sticky_enabled=\"0\" custom_padding=\"103px|||||\"]\n<p style=\"text-align: justify;\">El prop\u00f3sito del \u00e1rea es realizar investigaci\u00f3n aplicada para fomentar el emprendimiento y la creaci\u00f3n de empresas innovadoras que puedan motorizar la econom\u00eda venezolana. De igual manera, la l\u00ednea se abocar\u00e1 en aplicar el enfoque de investigaci\u00f3n-acci\u00f3n, la cual permitir\u00e1 acompa\u00f1ar a las empresas para alcanzar la supervivencia y su \u00e9xito.<\/p>\n[\/et_pb_text][\/et_pb_column][\/et_pb_row][\/et_pb_section][et_pb_section fb_built=\"1\" theme_builder_area=\"post_content\" _builder_version=\"4.20.4\" _module_preset=\"default\" bottom_divider_style=\"wave2\" hover_enabled=\"0\" sticky_enabled=\"0\" custom_padding=\"0px|||||\" next_background_color=\"#efefef\"][et_pb_row _builder_version=\"4.20.4\" _module_preset=\"default\" column_structure=\"1_2,1_2\" theme_builder_area=\"post_content\"][et_pb_column _builder_version=\"4.20.4\" _module_preset=\"default\" type=\"1_2\" theme_builder_area=\"post_content\"][et_pb_text _builder_version=\"4.20.4\" _module_preset=\"default\" theme_builder_area=\"post_content\" hover_enabled=\"0\" sticky_enabled=\"0\" custom_margin=\"57px|||||\"]\n<p style=\"text-align: justify;\">Los continuos cambios en la sociedad, la globalizaci\u00f3n, los avances tecnol\u00f3gicos y los desaf\u00edos que a diario enfrentan las organizaciones, requiere una profundizaci\u00f3n te\u00f3rica y pr\u00e1ctica en el \u00e1mbito del marketing, que permitan el \u00e9xito en mercados altamente competitivos aprovechando las oportunidades y contrarrestando amenazas del entorno. Adem\u00e1s, en esta l\u00ednea es de vital inter\u00e9s profundizar y difundir las acciones y responsabilidades del binomio organizaci\u00f3n-comunidad en la b\u00fasqueda del bienestar colectivo.<\/p>\n[\/et_pb_text][\/et_pb_column][et_pb_column _builder_version=\"4.20.4\" _module_preset=\"default\" type=\"1_2\" theme_builder_area=\"post_content\"][et_pb_blurb title=\"Marketing y Responsabilidad Social Organizacional\" image=\"https:\/\/www.facesulavirtual.org\/cide\/wp-content\/uploads\/2023\/05\/marketing.webp\" _builder_version=\"4.20.4\" _module_preset=\"default\" theme_builder_area=\"post_content\" title_text=\"marketing\" header_font=\"|700|||||||\" header_text_align=\"center\" header_text_color=\"#F19914\" border_width_all_image__hover_enabled=\"on|hover\" border_width_all_image=\"1px\" border_color_all_image__hover_enabled=\"on|hover\" border_color_all_image=\"#811212\" hover_enabled=\"0\" sticky_enabled=\"0\" border_width_all_image__hover=\"4px\" border_color_all_image__hover=\"#F19914\"][\/et_pb_blurb][\/et_pb_column][\/et_pb_row][\/et_pb_section][et_pb_section fb_built=\"1\" theme_builder_area=\"post_content\" _builder_version=\"4.20.4\" _module_preset=\"default\" background_color=\"#efefef\" bottom_divider_style=\"wave2\" hover_enabled=\"0\" sticky_enabled=\"0\" custom_padding=\"0px|||||\" next_background_color=\"#ffffff\"][et_pb_row _builder_version=\"4.20.4\" _module_preset=\"default\" column_structure=\"1_2,1_2\" theme_builder_area=\"post_content\"][et_pb_column _builder_version=\"4.20.4\" _module_preset=\"default\" type=\"1_2\" theme_builder_area=\"post_content\"][et_pb_blurb title=\"Finanzas y Legislaci\u00f3n Organizacional \" image=\"https:\/\/www.facesulavirtual.org\/cide\/wp-content\/uploads\/2023\/04\/finanzas.png\" _builder_version=\"4.20.4\" _module_preset=\"default\" theme_builder_area=\"post_content\" header_font=\"|700|||||||\" header_text_align=\"center\" header_text_color=\"#811212\" title_text=\"finanzas\" border_radii_image__hover_enabled=\"on|hover\" hover_enabled=\"0\" sticky_enabled=\"0\" border_radii_image__hover=\"on||||\" border_color_all_image=\"#F19914\" border_width_all_image__hover_enabled=\"on|hover\" border_color_all_image__hover_enabled=\"on|hover\" border_width_all_image__hover=\"4px\" border_width_all_image=\"1px\" border_color_all_image__hover=\"#811212\"][\/et_pb_blurb][\/et_pb_column][et_pb_column _builder_version=\"4.20.4\" _module_preset=\"default\" type=\"1_2\" theme_builder_area=\"post_content\"][et_pb_text _builder_version=\"4.20.4\" _module_preset=\"default\" theme_builder_area=\"post_content\" hover_enabled=\"0\" sticky_enabled=\"0\" custom_padding=\"80px||0px|||\" custom_margin=\"1px|||||\"]\n<p style=\"text-align: justify;\">Esta l\u00ednea busca profundizar en las ra\u00edces te\u00f3ricas de las finanzas empresariales con el firme prop\u00f3sito de describir y prescribir en cuanto a las decisiones de inversi\u00f3n, financiamiento, distribuci\u00f3n de los beneficios y gesti\u00f3n de activos. As\u00ed como avanzar en el estudio del marco legal y sus repercusiones en la conducci\u00f3n organizaciones empresariales.<\/p>\n[\/et_pb_text][\/et_pb_column][\/et_pb_row][\/et_pb_section][et_pb_section fb_built=\"1\" theme_builder_area=\"post_content\" _builder_version=\"4.20.4\" _module_preset=\"default\" hover_enabled=\"0\" sticky_enabled=\"0\" custom_padding=\"0px||6px|||\"][et_pb_row _builder_version=\"4.20.4\" _module_preset=\"default\" column_structure=\"1_2,1_2\" theme_builder_area=\"post_content\"][et_pb_column _builder_version=\"4.20.4\" _module_preset=\"default\" type=\"1_2\" theme_builder_area=\"post_content\"][et_pb_text _builder_version=\"4.20.4\" _module_preset=\"default\" theme_builder_area=\"post_content\" hover_enabled=\"0\" sticky_enabled=\"0\" custom_margin=\"123px|||||\"]\n<p style=\"text-align: justify;\">La aplicaci\u00f3n de m\u00e9todos de naturaleza cuantitativa para describir la realidad empresarial y solucionar problemas operativos, t\u00e1cticos y estrat\u00e9gicos que la aquejan, es el leit motiv de la l\u00ednea, sin dejar de lado la b\u00fasqueda de productividad y competitividad en las organizaciones.<\/p>\n[\/et_pb_text][\/et_pb_column][et_pb_column _builder_version=\"4.20.4\" _module_preset=\"default\" type=\"1_2\" theme_builder_area=\"post_content\"][et_pb_blurb title=\"M\u00e9todos Cuantitativos para los Negocios  \" image=\"https:\/\/www.facesulavirtual.org\/cide\/wp-content\/uploads\/2023\/05\/metodo-cuantitativo.jpg\" _builder_version=\"4.20.4\" _module_preset=\"default\" theme_builder_area=\"post_content\" title_text=\"metodo cuantitativo\" header_font=\"|700|||||||\" header_text_align=\"center\" header_text_color=\"#F19914\" border_width_all_image__hover_enabled=\"on|hover\" border_width_all_image=\"1px\" border_color_all_image__hover_enabled=\"on|hover\" border_color_all_image=\"#811212\" hover_enabled=\"0\" sticky_enabled=\"0\" border_width_all_image__hover=\"4px\" border_color_all_image__hover=\"#F19914\"][\/et_pb_blurb][\/et_pb_column][\/et_pb_row][\/et_pb_section]","_et_gb_content_width":"","footnotes":""},"class_list":["post-1771","page","type-page","status-publish","hentry"],"_links":{"self":[{"href":"https:\/\/www.facesulavirtual.org\/cide\/wp-json\/wp\/v2\/pages\/1771","targetHints":{"allow":["GET"]}}],"collection":[{"href":"https:\/\/www.facesulavirtual.org\/cide\/wp-json\/wp\/v2\/pages"}],"about":[{"href":"https:\/\/www.facesulavirtual.org\/cide\/wp-json\/wp\/v2\/types\/page"}],"author":[{"embeddable":true,"href":"https:\/\/www.facesulavirtual.org\/cide\/wp-json\/wp\/v2\/users\/1"}],"replies":[{"embeddable":true,"href":"https:\/\/www.facesulavirtual.org\/cide\/wp-json\/wp\/v2\/comments?post=1771"}],"version-history":[{"count":5,"href":"https:\/\/www.facesulavirtual.org\/cide\/wp-json\/wp\/v2\/pages\/1771\/revisions"}],"predecessor-version":[{"id":987510094,"href":"https:\/\/www.facesulavirtual.org\/cide\/wp-json\/wp\/v2\/pages\/1771\/revisions\/987510094"}],"wp:attachment":[{"href":"https:\/\/www.facesulavirtual.org\/cide\/wp-json\/wp\/v2\/media?parent=1771"}],"curies":[{"name":"wp","href":"https:\/\/api.w.org\/{rel}","templated":true}]}}